{"id":13207,"date":"2023-09-29T14:59:13","date_gmt":"2023-09-29T12:59:13","guid":{"rendered":"https:\/\/www.lohschule-datteln.de\/?page_id=13207"},"modified":"2023-09-29T15:35:14","modified_gmt":"2023-09-29T13:35:14","slug":"herbstsingen-2023","status":"publish","type":"page","link":"https:\/\/www.lohschule-datteln.de\/index.php\/herbstsingen-2023\/","title":{"rendered":"Herbstsingen 2023"},"content":{"rendered":"<h3>Alle Lohschulkinder begr\u00fc\u00dfen den Herbst<\/h3>\n<p><span style=\"color: #808080;\">Am Freitag vor den Herbstferien trafen sich auch in diesem Jahr wieder alle Lohschulkinder und Lehrkr\u00e4fte, um den Herbst mit ihrem Gesang zu begr\u00fc\u00dfen. Der Chor unter der Leitung von Frau Wilmes und ihrem Team, Frau Hassfeld und Herrn Rogalla, bereitete allen Anwesenden in der Turnhalle eine Freude f\u00fcr die Ohren. Chors\u00e4nger und Solisten hatten einen tollen Auftritt und wurden mit gro\u00dfem Applaus von den gro\u00dfen und kleinen Lohschulangeh\u00f6rigen belohnt. Auch gemeinsam brachten Kinder und Erwachsene mit Herbstliedern die Halle zum \u00a0Klingen. Es war einfach sch\u00f6n.<\/span><\/p>\n<p><span style=\"color: #808080;\">Vielen Dank f\u00fcr eure gute Arbeit in der Chor AG, liebe Kinder und liebes Chorteam.<\/span><\/p>\n<p><span style=\"color: #808080;\">Ein kleiner Einblick in Bildern:<\/span><\/p>\n<div id='gallery-1' class='gallery galleryid-13207 gallery-columns-3 gallery-size-medium'><figure class='gallery-item'>\n\t\t\t<div class='gallery-icon landscape'>\n\t\t\t\t<img loading=\"lazy\" decoding=\"async\" width=\"300\" height=\"225\" src=\"https:\/\/www.lohschule-datteln.de\/wp-content\/uploads\/2023\/09\/2-300x225.jpg\" class=\"attachment-medium size-medium\" alt=\"\" srcset=\"https:\/\/www.lohschule-datteln.de\/wp-content\/uploads\/2023\/09\/2-300x225.jpg 300w, https:\/\/www.lohschule-datteln.de\/wp-content\/uploads\/2023\/09\/2-768x576.jpg 768w, https:\/\/www.lohschule-datteln.de\/wp-content\/uploads\/2023\/09\/2.jpg 800w\" sizes=\"auto, (max-width: 300px) 100vw, 300px\" \/>\n\t\t\t<\/div><\/figure><figure class='gallery-item'>\n\t\t\t<div class='gallery-icon landscape'>\n\t\t\t\t<img loading=\"lazy\" decoding=\"async\" width=\"300\" height=\"225\" src=\"https:\/\/www.lohschule-datteln.de\/wp-content\/uploads\/2023\/09\/3-300x225.jpg\" class=\"attachment-medium size-medium\" alt=\"\" srcset=\"https:\/\/www.lohschule-datteln.de\/wp-content\/uploads\/2023\/09\/3-300x225.jpg 300w, https:\/\/www.lohschule-datteln.de\/wp-content\/uploads\/2023\/09\/3-768x576.jpg 768w, https:\/\/www.lohschule-datteln.de\/wp-content\/uploads\/2023\/09\/3.jpg 800w\" sizes=\"auto, (max-width: 300px) 100vw, 300px\" \/>\n\t\t\t<\/div><\/figure><figure class='gallery-item'>\n\t\t\t<div class='gallery-icon landscape'>\n\t\t\t\t<img loading=\"lazy\" decoding=\"async\" width=\"300\" height=\"225\" src=\"https:\/\/www.lohschule-datteln.de\/wp-content\/uploads\/2023\/09\/5-300x225.jpg\" class=\"attachment-medium size-medium\" alt=\"\" srcset=\"https:\/\/www.lohschule-datteln.de\/wp-content\/uploads\/2023\/09\/5-300x225.jpg 300w, https:\/\/www.lohschule-datteln.de\/wp-content\/uploads\/2023\/09\/5-768x576.jpg 768w, https:\/\/www.lohschule-datteln.de\/wp-content\/uploads\/2023\/09\/5.jpg 800w\" sizes=\"auto, (max-width: 300px) 100vw, 300px\" \/>\n\t\t\t<\/div><\/figure>\n\t\t<\/div>\n\n<div id='gallery-2' class='gallery galleryid-13207 gallery-columns-3 gallery-size-medium'><figure class='gallery-item'>\n\t\t\t<div class='gallery-icon landscape'>\n\t\t\t\t<img loading=\"lazy\" decoding=\"async\" width=\"300\" height=\"225\" src=\"https:\/\/www.lohschule-datteln.de\/wp-content\/uploads\/2023\/09\/6-300x225.jpg\" class=\"attachment-medium size-medium\" alt=\"\" srcset=\"https:\/\/www.lohschule-datteln.de\/wp-content\/uploads\/2023\/09\/6-300x225.jpg 300w, https:\/\/www.lohschule-datteln.de\/wp-content\/uploads\/2023\/09\/6-768x576.jpg 768w, https:\/\/www.lohschule-datteln.de\/wp-content\/uploads\/2023\/09\/6.jpg 800w\" sizes=\"auto, (max-width: 300px) 100vw, 300px\" \/>\n\t\t\t<\/div><\/figure><figure class='gallery-item'>\n\t\t\t<div class='gallery-icon landscape'>\n\t\t\t\t<img loading=\"lazy\" decoding=\"async\" width=\"300\" height=\"225\" src=\"https:\/\/www.lohschule-datteln.de\/wp-content\/uploads\/2023\/09\/7-300x225.jpg\" class=\"attachment-medium size-medium\" alt=\"\" srcset=\"https:\/\/www.lohschule-datteln.de\/wp-content\/uploads\/2023\/09\/7-300x225.jpg 300w, https:\/\/www.lohschule-datteln.de\/wp-content\/uploads\/2023\/09\/7-768x576.jpg 768w, https:\/\/www.lohschule-datteln.de\/wp-content\/uploads\/2023\/09\/7.jpg 800w\" sizes=\"auto, (max-width: 300px) 100vw, 300px\" \/>\n\t\t\t<\/div><\/figure><figure class='gallery-item'>\n\t\t\t<div class='gallery-icon landscape'>\n\t\t\t\t<img loading=\"lazy\" decoding=\"async\" width=\"300\" height=\"225\" src=\"https:\/\/www.lohschule-datteln.de\/wp-content\/uploads\/2023\/09\/8-300x225.jpg\" class=\"attachment-medium size-medium\" alt=\"\" srcset=\"https:\/\/www.lohschule-datteln.de\/wp-content\/uploads\/2023\/09\/8-300x225.jpg 300w, https:\/\/www.lohschule-datteln.de\/wp-content\/uploads\/2023\/09\/8-768x576.jpg 768w, https:\/\/www.lohschule-datteln.de\/wp-content\/uploads\/2023\/09\/8.jpg 800w\" sizes=\"auto, (max-width: 300px) 100vw, 300px\" \/>\n\t\t\t<\/div><\/figure>\n\t\t<\/div>\n\n<div id='gallery-3' class='gallery galleryid-13207 gallery-columns-3 gallery-size-medium'><figure class='gallery-item'>\n\t\t\t<div class='gallery-icon landscape'>\n\t\t\t\t<img loading=\"lazy\" decoding=\"async\" width=\"300\" height=\"225\" src=\"https:\/\/www.lohschule-datteln.de\/wp-content\/uploads\/2023\/09\/10-300x225.jpg\" class=\"attachment-medium size-medium\" alt=\"\" srcset=\"https:\/\/www.lohschule-datteln.de\/wp-content\/uploads\/2023\/09\/10-300x225.jpg 300w, https:\/\/www.lohschule-datteln.de\/wp-content\/uploads\/2023\/09\/10-768x576.jpg 768w, https:\/\/www.lohschule-datteln.de\/wp-content\/uploads\/2023\/09\/10.jpg 800w\" sizes=\"auto, (max-width: 300px) 100vw, 300px\" \/>\n\t\t\t<\/div><\/figure><figure class='gallery-item'>\n\t\t\t<div class='gallery-icon landscape'>\n\t\t\t\t<img loading=\"lazy\" decoding=\"async\" width=\"300\" height=\"225\" src=\"https:\/\/www.lohschule-datteln.de\/wp-content\/uploads\/2023\/09\/11-300x225.jpg\" class=\"attachment-medium size-medium\" alt=\"\" srcset=\"https:\/\/www.lohschule-datteln.de\/wp-content\/uploads\/2023\/09\/11-300x225.jpg 300w, https:\/\/www.lohschule-datteln.de\/wp-content\/uploads\/2023\/09\/11-768x576.jpg 768w, https:\/\/www.lohschule-datteln.de\/wp-content\/uploads\/2023\/09\/11.jpg 800w\" sizes=\"auto, (max-width: 300px) 100vw, 300px\" \/>\n\t\t\t<\/div><\/figure><figure class='gallery-item'>\n\t\t\t<div class='gallery-icon landscape'>\n\t\t\t\t<img loading=\"lazy\" decoding=\"async\" width=\"300\" height=\"225\" src=\"https:\/\/www.lohschule-datteln.de\/wp-content\/uploads\/2023\/09\/12-300x225.jpg\" class=\"attachment-medium size-medium\" alt=\"\" srcset=\"https:\/\/www.lohschule-datteln.de\/wp-content\/uploads\/2023\/09\/12-300x225.jpg 300w, https:\/\/www.lohschule-datteln.de\/wp-content\/uploads\/2023\/09\/12-768x576.jpg 768w, https:\/\/www.lohschule-datteln.de\/wp-content\/uploads\/2023\/09\/12.jpg 800w\" sizes=\"auto, (max-width: 300px) 100vw, 300px\" \/>\n\t\t\t<\/div><\/figure>\n\t\t<\/div>\n\n","protected":false},"excerpt":{"rendered":"<p>Alle Lohschulkinder begr\u00fc\u00dfen den Herbst Am Freitag vor den Herbstferien trafen sich auch in diesem Jahr wieder alle Lohschulkinder und Lehrkr\u00e4fte, um den Herbst mit ihrem Gesang zu begr\u00fc\u00dfen. Der Chor unter der Leitung von Frau Wilmes und ihrem Team, Frau Hassfeld und Herrn Rogalla, bereitete allen Anwesenden in der Turnhalle eine Freude f\u00fcr die [&hellip;]<\/p>\n","protected":false},"author":3,"featured_media":0,"parent":0,"menu_order":0,"comment_status":"closed","ping_status":"closed","template":"","meta":{"footnotes":""},"class_list":["post-13207","page","type-page","status-publish","hentry"],"yoast_head":"<!-- This site is optimized with the Yoast SEO plugin v27.5 - https:\/\/yoast.com\/product\/yoast-seo-wordpress\/ -->\n<title>Herbstsingen 2023 - Lohschule Datteln<\/title>\n<meta name=\"robots\" content=\"index, follow, max-snippet:-1, max-image-preview:large, max-video-preview:-1\" \/>\n<link rel=\"canonical\" href=\"https:\/\/www.lohschule-datteln.de\/index.php\/herbstsingen-2023\/\" \/>\n<meta property=\"og:locale\" content=\"de_DE\" \/>\n<meta property=\"og:type\" content=\"article\" \/>\n<meta property=\"og:title\" content=\"Herbstsingen 2023 - Lohschule Datteln\" \/>\n<meta property=\"og:description\" content=\"Alle Lohschulkinder begr\u00fc\u00dfen den Herbst Am Freitag vor den Herbstferien trafen sich auch in diesem Jahr wieder alle Lohschulkinder und Lehrkr\u00e4fte, um den Herbst mit ihrem Gesang zu begr\u00fc\u00dfen. Der Chor unter der Leitung von Frau Wilmes und ihrem Team, Frau Hassfeld und Herrn Rogalla, bereitete allen Anwesenden in der Turnhalle eine Freude f\u00fcr die [&hellip;]\" \/>\n<meta property=\"og:url\" content=\"https:\/\/www.lohschule-datteln.de\/index.php\/herbstsingen-2023\/\" \/>\n<meta property=\"og:site_name\" content=\"Lohschule Datteln\" \/>\n<meta property=\"article:modified_time\" content=\"2023-09-29T13:35:14+00:00\" \/>\n<meta property=\"og:image\" content=\"https:\/\/www.lohschule-datteln.de\/wp-content\/uploads\/2023\/09\/2-300x225.jpg\" \/>\n<meta name=\"twitter:card\" content=\"summary_large_image\" \/>\n<meta name=\"twitter:label1\" content=\"Gesch\u00e4tzte Lesezeit\" \/>\n\t<meta name=\"twitter:data1\" content=\"1\u00a0Minute\" \/>\n<script type=\"application\/ld+json\" class=\"yoast-schema-graph\">{\"@context\":\"https:\\\/\\\/schema.org\",\"@graph\":[{\"@type\":\"WebPage\",\"@id\":\"https:\\\/\\\/www.lohschule-datteln.de\\\/index.php\\\/herbstsingen-2023\\\/\",\"url\":\"https:\\\/\\\/www.lohschule-datteln.de\\\/index.php\\\/herbstsingen-2023\\\/\",\"name\":\"Herbstsingen 2023 - Lohschule Datteln\",\"isPartOf\":{\"@id\":\"https:\\\/\\\/www.lohschule-datteln.de\\\/#website\"},\"datePublished\":\"2023-09-29T12:59:13+00:00\",\"dateModified\":\"2023-09-29T13:35:14+00:00\",\"breadcrumb\":{\"@id\":\"https:\\\/\\\/www.lohschule-datteln.de\\\/index.php\\\/herbstsingen-2023\\\/#breadcrumb\"},\"inLanguage\":\"de\",\"potentialAction\":[{\"@type\":\"ReadAction\",\"target\":[\"https:\\\/\\\/www.lohschule-datteln.de\\\/index.php\\\/herbstsingen-2023\\\/\"]}]},{\"@type\":\"BreadcrumbList\",\"@id\":\"https:\\\/\\\/www.lohschule-datteln.de\\\/index.php\\\/herbstsingen-2023\\\/#breadcrumb\",\"itemListElement\":[{\"@type\":\"ListItem\",\"position\":1,\"name\":\"Startseite\",\"item\":\"https:\\\/\\\/www.lohschule-datteln.de\\\/\"},{\"@type\":\"ListItem\",\"position\":2,\"name\":\"Herbstsingen 2023\"}]},{\"@type\":\"WebSite\",\"@id\":\"https:\\\/\\\/www.lohschule-datteln.de\\\/#website\",\"url\":\"https:\\\/\\\/www.lohschule-datteln.de\\\/\",\"name\":\"Lohschule Datteln\",\"description\":\"kath. Grundschule\",\"publisher\":{\"@id\":\"https:\\\/\\\/www.lohschule-datteln.de\\\/#organization\"},\"potentialAction\":[{\"@type\":\"SearchAction\",\"target\":{\"@type\":\"EntryPoint\",\"urlTemplate\":\"https:\\\/\\\/www.lohschule-datteln.de\\\/?s={search_term_string}\"},\"query-input\":{\"@type\":\"PropertyValueSpecification\",\"valueRequired\":true,\"valueName\":\"search_term_string\"}}],\"inLanguage\":\"de\"},{\"@type\":\"Organization\",\"@id\":\"https:\\\/\\\/www.lohschule-datteln.de\\\/#organization\",\"name\":\"Lohschule -katholische Grundschule Datteln\",\"url\":\"https:\\\/\\\/www.lohschule-datteln.de\\\/\",\"logo\":{\"@type\":\"ImageObject\",\"inLanguage\":\"de\",\"@id\":\"https:\\\/\\\/www.lohschule-datteln.de\\\/#\\\/schema\\\/logo\\\/image\\\/\",\"url\":\"http:\\\/\\\/www.lohschule-datteln.de\\\/wp-content\\\/uploads\\\/2016\\\/02\\\/Loh-neu-2016.jpg\",\"contentUrl\":\"http:\\\/\\\/www.lohschule-datteln.de\\\/wp-content\\\/uploads\\\/2016\\\/02\\\/Loh-neu-2016.jpg\",\"width\":448,\"height\":252,\"caption\":\"Lohschule -katholische Grundschule Datteln\"},\"image\":{\"@id\":\"https:\\\/\\\/www.lohschule-datteln.de\\\/#\\\/schema\\\/logo\\\/image\\\/\"}}]}<\/script>\n<!-- \/ Yoast SEO plugin. -->","yoast_head_json":{"title":"Herbstsingen 2023 - Lohschule Datteln","robots":{"index":"index","follow":"follow","max-snippet":"max-snippet:-1","max-image-preview":"max-image-preview:large","max-video-preview":"max-video-preview:-1"},"canonical":"https:\/\/www.lohschule-datteln.de\/index.php\/herbstsingen-2023\/","og_locale":"de_DE","og_type":"article","og_title":"Herbstsingen 2023 - Lohschule Datteln","og_description":"Alle Lohschulkinder begr\u00fc\u00dfen den Herbst Am Freitag vor den Herbstferien trafen sich auch in diesem Jahr wieder alle Lohschulkinder und Lehrkr\u00e4fte, um den Herbst mit ihrem Gesang zu begr\u00fc\u00dfen. Der Chor unter der Leitung von Frau Wilmes und ihrem Team, Frau Hassfeld und Herrn Rogalla, bereitete allen Anwesenden in der Turnhalle eine Freude f\u00fcr die [&hellip;]","og_url":"https:\/\/www.lohschule-datteln.de\/index.php\/herbstsingen-2023\/","og_site_name":"Lohschule Datteln","article_modified_time":"2023-09-29T13:35:14+00:00","og_image":[{"url":"https:\/\/www.lohschule-datteln.de\/wp-content\/uploads\/2023\/09\/2-300x225.jpg","type":"","width":"","height":""}],"twitter_card":"summary_large_image","twitter_misc":{"Gesch\u00e4tzte Lesezeit":"1\u00a0Minute"},"schema":{"@context":"https:\/\/schema.org","@graph":[{"@type":"WebPage","@id":"https:\/\/www.lohschule-datteln.de\/index.php\/herbstsingen-2023\/","url":"https:\/\/www.lohschule-datteln.de\/index.php\/herbstsingen-2023\/","name":"Herbstsingen 2023 - Lohschule Datteln","isPartOf":{"@id":"https:\/\/www.lohschule-datteln.de\/#website"},"datePublished":"2023-09-29T12:59:13+00:00","dateModified":"2023-09-29T13:35:14+00:00","breadcrumb":{"@id":"https:\/\/www.lohschule-datteln.de\/index.php\/herbstsingen-2023\/#breadcrumb"},"inLanguage":"de","potentialAction":[{"@type":"ReadAction","target":["https:\/\/www.lohschule-datteln.de\/index.php\/herbstsingen-2023\/"]}]},{"@type":"BreadcrumbList","@id":"https:\/\/www.lohschule-datteln.de\/index.php\/herbstsingen-2023\/#breadcrumb","itemListElement":[{"@type":"ListItem","position":1,"name":"Startseite","item":"https:\/\/www.lohschule-datteln.de\/"},{"@type":"ListItem","position":2,"name":"Herbstsingen 2023"}]},{"@type":"WebSite","@id":"https:\/\/www.lohschule-datteln.de\/#website","url":"https:\/\/www.lohschule-datteln.de\/","name":"Lohschule Datteln","description":"kath. Grundschule","publisher":{"@id":"https:\/\/www.lohschule-datteln.de\/#organization"},"potentialAction":[{"@type":"SearchAction","target":{"@type":"EntryPoint","urlTemplate":"https:\/\/www.lohschule-datteln.de\/?s={search_term_string}"},"query-input":{"@type":"PropertyValueSpecification","valueRequired":true,"valueName":"search_term_string"}}],"inLanguage":"de"},{"@type":"Organization","@id":"https:\/\/www.lohschule-datteln.de\/#organization","name":"Lohschule -katholische Grundschule Datteln","url":"https:\/\/www.lohschule-datteln.de\/","logo":{"@type":"ImageObject","inLanguage":"de","@id":"https:\/\/www.lohschule-datteln.de\/#\/schema\/logo\/image\/","url":"http:\/\/www.lohschule-datteln.de\/wp-content\/uploads\/2016\/02\/Loh-neu-2016.jpg","contentUrl":"http:\/\/www.lohschule-datteln.de\/wp-content\/uploads\/2016\/02\/Loh-neu-2016.jpg","width":448,"height":252,"caption":"Lohschule -katholische Grundschule Datteln"},"image":{"@id":"https:\/\/www.lohschule-datteln.de\/#\/schema\/logo\/image\/"}}]}},"_links":{"self":[{"href":"https:\/\/www.lohschule-datteln.de\/index.php\/wp-json\/wp\/v2\/pages\/13207","targetHints":{"allow":["GET"]}}],"collection":[{"href":"https:\/\/www.lohschule-datteln.de\/index.php\/wp-json\/wp\/v2\/pages"}],"about":[{"href":"https:\/\/www.lohschule-datteln.de\/index.php\/wp-json\/wp\/v2\/types\/page"}],"author":[{"embeddable":true,"href":"https:\/\/www.lohschule-datteln.de\/index.php\/wp-json\/wp\/v2\/users\/3"}],"replies":[{"embeddable":true,"href":"https:\/\/www.lohschule-datteln.de\/index.php\/wp-json\/wp\/v2\/comments?post=13207"}],"version-history":[{"count":5,"href":"https:\/\/www.lohschule-datteln.de\/index.php\/wp-json\/wp\/v2\/pages\/13207\/revisions"}],"predecessor-version":[{"id":13227,"href":"https:\/\/www.lohschule-datteln.de\/index.php\/wp-json\/wp\/v2\/pages\/13207\/revisions\/13227"}],"wp:attachment":[{"href":"https:\/\/www.lohschule-datteln.de\/index.php\/wp-json\/wp\/v2\/media?parent=13207"}],"curies":[{"name":"wp","href":"https:\/\/api.w.org\/{rel}","templated":true}]}}