{"id":15220,"date":"2025-10-31T14:24:25","date_gmt":"2025-10-31T13:24:25","guid":{"rendered":"https:\/\/www.lohschule-datteln.de\/?page_id=15220"},"modified":"2025-10-31T14:29:43","modified_gmt":"2025-10-31T13:29:43","slug":"warnwesten-fuer-die-erstklaessler","status":"publish","type":"page","link":"https:\/\/www.lohschule-datteln.de\/index.php\/warnwesten-fuer-die-erstklaessler\/","title":{"rendered":"Warnwesten f\u00fcr die Erstkl\u00e4ssler"},"content":{"rendered":"\n<p>Gelbe Sicherheitswesten f\u00fcr die Lohsch\u00fclerinnen und Lohsch\u00fcler<\/p>\n\n\n\n<p>Am heutigen Donnerstag, 30.10.2025, haben unsere Erstkl\u00e4sslerinnen und Erstkl\u00e4ssler von der Schulleiterin Frau Schneider die gelben Sicherheitswesten der B\u00fcrgerstiftung Emscher-Lippe-Land \u00fcbergeben bekommen.&nbsp;<\/p>\n\n\n\n<p>Mit einem strahlenden Gesicht zogen alle Lernanf\u00e4ngerinnen und Lernanf\u00e4nger ihre Westen an, um in der nun nassen und dunklen Jahreszeit gut im Stra\u00dfenverkehr auf dem Weg zur Lohschule gesehen zu werden.<\/p>\n\n\n\n<p>Die Hausaufgabe, ihre Weste mit dem Namen zu versehen, haben alle Kinder sehr gerne mit nach Hause genommen.<\/p>\n\n\n\n<p>Ein herzliches Dankesch\u00f6n an die B\u00fcrgerstiftung Emscher-Lippe-Land f\u00fcr die Ausstattung unserer Kinder mit den leuchtend gelben Warnwesten!<\/p>\n\n\n\n<figure class=\"wp-block-gallery has-nested-images columns-default is-cropped wp-block-gallery-1 is-layout-flex wp-block-gallery-is-layout-flex\"><div class=\"wp-block-image\">\n<figure class=\"aligncenter size-large\"><img loading=\"lazy\" decoding=\"async\" width=\"1024\" height=\"400\" data-id=\"15221\" src=\"https:\/\/www.lohschule-datteln.de\/wp-content\/uploads\/2025\/10\/IMG_5109-1024x400.jpeg\" alt=\"\" class=\"wp-image-15221\" srcset=\"https:\/\/www.lohschule-datteln.de\/wp-content\/uploads\/2025\/10\/IMG_5109-1024x400.jpeg 1024w, https:\/\/www.lohschule-datteln.de\/wp-content\/uploads\/2025\/10\/IMG_5109-300x117.jpeg 300w, https:\/\/www.lohschule-datteln.de\/wp-content\/uploads\/2025\/10\/IMG_5109-768x300.jpeg 768w, https:\/\/www.lohschule-datteln.de\/wp-content\/uploads\/2025\/10\/IMG_5109-1536x600.jpeg 1536w, https:\/\/www.lohschule-datteln.de\/wp-content\/uploads\/2025\/10\/IMG_5109-2048x800.jpeg 2048w\" sizes=\"auto, (max-width: 1024px) 100vw, 1024px\" \/><\/figure>\n<\/div>\n\n\n<figure class=\"wp-block-image size-large\"><img loading=\"lazy\" decoding=\"async\" width=\"1024\" height=\"473\" data-id=\"15222\" src=\"https:\/\/www.lohschule-datteln.de\/wp-content\/uploads\/2025\/10\/IMG_5108-1024x473.jpeg\" alt=\"\" class=\"wp-image-15222\" srcset=\"https:\/\/www.lohschule-datteln.de\/wp-content\/uploads\/2025\/10\/IMG_5108-1024x473.jpeg 1024w, https:\/\/www.lohschule-datteln.de\/wp-content\/uploads\/2025\/10\/IMG_5108-300x139.jpeg 300w, https:\/\/www.lohschule-datteln.de\/wp-content\/uploads\/2025\/10\/IMG_5108-768x355.jpeg 768w, https:\/\/www.lohschule-datteln.de\/wp-content\/uploads\/2025\/10\/IMG_5108-1536x710.jpeg 1536w, https:\/\/www.lohschule-datteln.de\/wp-content\/uploads\/2025\/10\/IMG_5108-2048x947.jpeg 2048w\" sizes=\"auto, (max-width: 1024px) 100vw, 1024px\" \/><\/figure>\n<\/figure>\n","protected":false},"excerpt":{"rendered":"<p>Gelbe Sicherheitswesten f\u00fcr die Lohsch\u00fclerinnen und Lohsch\u00fcler Am heutigen Donnerstag, 30.10.2025, haben unsere Erstkl\u00e4sslerinnen und Erstkl\u00e4ssler von der Schulleiterin Frau Schneider die gelben Sicherheitswesten der B\u00fcrgerstiftung Emscher-Lippe-Land \u00fcbergeben bekommen.&nbsp; Mit einem strahlenden Gesicht zogen alle Lernanf\u00e4ngerinnen und Lernanf\u00e4nger ihre Westen an, um in der nun nassen und dunklen Jahreszeit gut im Stra\u00dfenverkehr auf dem Weg [&hellip;]<\/p>\n","protected":false},"author":3,"featured_media":0,"parent":0,"menu_order":0,"comment_status":"closed","ping_status":"closed","template":"","meta":{"footnotes":""},"class_list":["post-15220","page","type-page","status-publish","hentry"],"yoast_head":"<!-- This site is optimized with the Yoast SEO plugin v27.5 - https:\/\/yoast.com\/product\/yoast-seo-wordpress\/ -->\n<title>Warnwesten f\u00fcr die Erstkl\u00e4ssler - Lohschule Datteln<\/title>\n<meta name=\"robots\" content=\"index, follow, max-snippet:-1, max-image-preview:large, max-video-preview:-1\" \/>\n<link rel=\"canonical\" href=\"https:\/\/www.lohschule-datteln.de\/index.php\/warnwesten-fuer-die-erstklaessler\/\" \/>\n<meta property=\"og:locale\" content=\"de_DE\" \/>\n<meta property=\"og:type\" content=\"article\" \/>\n<meta property=\"og:title\" content=\"Warnwesten f\u00fcr die Erstkl\u00e4ssler - Lohschule Datteln\" \/>\n<meta property=\"og:description\" content=\"Gelbe Sicherheitswesten f\u00fcr die Lohsch\u00fclerinnen und Lohsch\u00fcler Am heutigen Donnerstag, 30.10.2025, haben unsere Erstkl\u00e4sslerinnen und Erstkl\u00e4ssler von der Schulleiterin Frau Schneider die gelben Sicherheitswesten der B\u00fcrgerstiftung Emscher-Lippe-Land \u00fcbergeben bekommen.&nbsp; Mit einem strahlenden Gesicht zogen alle Lernanf\u00e4ngerinnen und Lernanf\u00e4nger ihre Westen an, um in der nun nassen und dunklen Jahreszeit gut im Stra\u00dfenverkehr auf dem Weg [&hellip;]\" \/>\n<meta property=\"og:url\" content=\"https:\/\/www.lohschule-datteln.de\/index.php\/warnwesten-fuer-die-erstklaessler\/\" \/>\n<meta property=\"og:site_name\" content=\"Lohschule Datteln\" \/>\n<meta property=\"article:modified_time\" content=\"2025-10-31T13:29:43+00:00\" \/>\n<meta property=\"og:image\" content=\"https:\/\/www.lohschule-datteln.de\/wp-content\/uploads\/2025\/10\/IMG_5109-scaled.jpeg\" \/>\n\t<meta property=\"og:image:width\" content=\"2560\" \/>\n\t<meta property=\"og:image:height\" content=\"1000\" \/>\n\t<meta property=\"og:image:type\" content=\"image\/jpeg\" \/>\n<meta name=\"twitter:card\" content=\"summary_large_image\" \/>\n<meta name=\"twitter:label1\" content=\"Gesch\u00e4tzte Lesezeit\" \/>\n\t<meta name=\"twitter:data1\" content=\"1\u00a0Minute\" \/>\n<script type=\"application\/ld+json\" class=\"yoast-schema-graph\">{\"@context\":\"https:\\\/\\\/schema.org\",\"@graph\":[{\"@type\":\"WebPage\",\"@id\":\"https:\\\/\\\/www.lohschule-datteln.de\\\/index.php\\\/warnwesten-fuer-die-erstklaessler\\\/\",\"url\":\"https:\\\/\\\/www.lohschule-datteln.de\\\/index.php\\\/warnwesten-fuer-die-erstklaessler\\\/\",\"name\":\"Warnwesten f\u00fcr die Erstkl\u00e4ssler - Lohschule Datteln\",\"isPartOf\":{\"@id\":\"https:\\\/\\\/www.lohschule-datteln.de\\\/#website\"},\"primaryImageOfPage\":{\"@id\":\"https:\\\/\\\/www.lohschule-datteln.de\\\/index.php\\\/warnwesten-fuer-die-erstklaessler\\\/#primaryimage\"},\"image\":{\"@id\":\"https:\\\/\\\/www.lohschule-datteln.de\\\/index.php\\\/warnwesten-fuer-die-erstklaessler\\\/#primaryimage\"},\"thumbnailUrl\":\"https:\\\/\\\/www.lohschule-datteln.de\\\/wp-content\\\/uploads\\\/2025\\\/10\\\/IMG_5109-1024x400.jpeg\",\"datePublished\":\"2025-10-31T13:24:25+00:00\",\"dateModified\":\"2025-10-31T13:29:43+00:00\",\"breadcrumb\":{\"@id\":\"https:\\\/\\\/www.lohschule-datteln.de\\\/index.php\\\/warnwesten-fuer-die-erstklaessler\\\/#breadcrumb\"},\"inLanguage\":\"de\",\"potentialAction\":[{\"@type\":\"ReadAction\",\"target\":[\"https:\\\/\\\/www.lohschule-datteln.de\\\/index.php\\\/warnwesten-fuer-die-erstklaessler\\\/\"]}]},{\"@type\":\"ImageObject\",\"inLanguage\":\"de\",\"@id\":\"https:\\\/\\\/www.lohschule-datteln.de\\\/index.php\\\/warnwesten-fuer-die-erstklaessler\\\/#primaryimage\",\"url\":\"https:\\\/\\\/www.lohschule-datteln.de\\\/wp-content\\\/uploads\\\/2025\\\/10\\\/IMG_5109-scaled.jpeg\",\"contentUrl\":\"https:\\\/\\\/www.lohschule-datteln.de\\\/wp-content\\\/uploads\\\/2025\\\/10\\\/IMG_5109-scaled.jpeg\",\"width\":2560,\"height\":1000},{\"@type\":\"BreadcrumbList\",\"@id\":\"https:\\\/\\\/www.lohschule-datteln.de\\\/index.php\\\/warnwesten-fuer-die-erstklaessler\\\/#breadcrumb\",\"itemListElement\":[{\"@type\":\"ListItem\",\"position\":1,\"name\":\"Startseite\",\"item\":\"https:\\\/\\\/www.lohschule-datteln.de\\\/\"},{\"@type\":\"ListItem\",\"position\":2,\"name\":\"Warnwesten f\u00fcr die Erstkl\u00e4ssler\"}]},{\"@type\":\"WebSite\",\"@id\":\"https:\\\/\\\/www.lohschule-datteln.de\\\/#website\",\"url\":\"https:\\\/\\\/www.lohschule-datteln.de\\\/\",\"name\":\"Lohschule Datteln\",\"description\":\"kath. Grundschule\",\"publisher\":{\"@id\":\"https:\\\/\\\/www.lohschule-datteln.de\\\/#organization\"},\"potentialAction\":[{\"@type\":\"SearchAction\",\"target\":{\"@type\":\"EntryPoint\",\"urlTemplate\":\"https:\\\/\\\/www.lohschule-datteln.de\\\/?s={search_term_string}\"},\"query-input\":{\"@type\":\"PropertyValueSpecification\",\"valueRequired\":true,\"valueName\":\"search_term_string\"}}],\"inLanguage\":\"de\"},{\"@type\":\"Organization\",\"@id\":\"https:\\\/\\\/www.lohschule-datteln.de\\\/#organization\",\"name\":\"Lohschule -katholische Grundschule Datteln\",\"url\":\"https:\\\/\\\/www.lohschule-datteln.de\\\/\",\"logo\":{\"@type\":\"ImageObject\",\"inLanguage\":\"de\",\"@id\":\"https:\\\/\\\/www.lohschule-datteln.de\\\/#\\\/schema\\\/logo\\\/image\\\/\",\"url\":\"http:\\\/\\\/www.lohschule-datteln.de\\\/wp-content\\\/uploads\\\/2016\\\/02\\\/Loh-neu-2016.jpg\",\"contentUrl\":\"http:\\\/\\\/www.lohschule-datteln.de\\\/wp-content\\\/uploads\\\/2016\\\/02\\\/Loh-neu-2016.jpg\",\"width\":448,\"height\":252,\"caption\":\"Lohschule -katholische Grundschule Datteln\"},\"image\":{\"@id\":\"https:\\\/\\\/www.lohschule-datteln.de\\\/#\\\/schema\\\/logo\\\/image\\\/\"}}]}<\/script>\n<!-- \/ Yoast SEO plugin. -->","yoast_head_json":{"title":"Warnwesten f\u00fcr die Erstkl\u00e4ssler - Lohschule Datteln","robots":{"index":"index","follow":"follow","max-snippet":"max-snippet:-1","max-image-preview":"max-image-preview:large","max-video-preview":"max-video-preview:-1"},"canonical":"https:\/\/www.lohschule-datteln.de\/index.php\/warnwesten-fuer-die-erstklaessler\/","og_locale":"de_DE","og_type":"article","og_title":"Warnwesten f\u00fcr die Erstkl\u00e4ssler - Lohschule Datteln","og_description":"Gelbe Sicherheitswesten f\u00fcr die Lohsch\u00fclerinnen und Lohsch\u00fcler Am heutigen Donnerstag, 30.10.2025, haben unsere Erstkl\u00e4sslerinnen und Erstkl\u00e4ssler von der Schulleiterin Frau Schneider die gelben Sicherheitswesten der B\u00fcrgerstiftung Emscher-Lippe-Land \u00fcbergeben bekommen.&nbsp; Mit einem strahlenden Gesicht zogen alle Lernanf\u00e4ngerinnen und Lernanf\u00e4nger ihre Westen an, um in der nun nassen und dunklen Jahreszeit gut im Stra\u00dfenverkehr auf dem Weg [&hellip;]","og_url":"https:\/\/www.lohschule-datteln.de\/index.php\/warnwesten-fuer-die-erstklaessler\/","og_site_name":"Lohschule Datteln","article_modified_time":"2025-10-31T13:29:43+00:00","og_image":[{"width":2560,"height":1000,"url":"https:\/\/www.lohschule-datteln.de\/wp-content\/uploads\/2025\/10\/IMG_5109-scaled.jpeg","type":"image\/jpeg"}],"twitter_card":"summary_large_image","twitter_misc":{"Gesch\u00e4tzte Lesezeit":"1\u00a0Minute"},"schema":{"@context":"https:\/\/schema.org","@graph":[{"@type":"WebPage","@id":"https:\/\/www.lohschule-datteln.de\/index.php\/warnwesten-fuer-die-erstklaessler\/","url":"https:\/\/www.lohschule-datteln.de\/index.php\/warnwesten-fuer-die-erstklaessler\/","name":"Warnwesten f\u00fcr die Erstkl\u00e4ssler - Lohschule Datteln","isPartOf":{"@id":"https:\/\/www.lohschule-datteln.de\/#website"},"primaryImageOfPage":{"@id":"https:\/\/www.lohschule-datteln.de\/index.php\/warnwesten-fuer-die-erstklaessler\/#primaryimage"},"image":{"@id":"https:\/\/www.lohschule-datteln.de\/index.php\/warnwesten-fuer-die-erstklaessler\/#primaryimage"},"thumbnailUrl":"https:\/\/www.lohschule-datteln.de\/wp-content\/uploads\/2025\/10\/IMG_5109-1024x400.jpeg","datePublished":"2025-10-31T13:24:25+00:00","dateModified":"2025-10-31T13:29:43+00:00","breadcrumb":{"@id":"https:\/\/www.lohschule-datteln.de\/index.php\/warnwesten-fuer-die-erstklaessler\/#breadcrumb"},"inLanguage":"de","potentialAction":[{"@type":"ReadAction","target":["https:\/\/www.lohschule-datteln.de\/index.php\/warnwesten-fuer-die-erstklaessler\/"]}]},{"@type":"ImageObject","inLanguage":"de","@id":"https:\/\/www.lohschule-datteln.de\/index.php\/warnwesten-fuer-die-erstklaessler\/#primaryimage","url":"https:\/\/www.lohschule-datteln.de\/wp-content\/uploads\/2025\/10\/IMG_5109-scaled.jpeg","contentUrl":"https:\/\/www.lohschule-datteln.de\/wp-content\/uploads\/2025\/10\/IMG_5109-scaled.jpeg","width":2560,"height":1000},{"@type":"BreadcrumbList","@id":"https:\/\/www.lohschule-datteln.de\/index.php\/warnwesten-fuer-die-erstklaessler\/#breadcrumb","itemListElement":[{"@type":"ListItem","position":1,"name":"Startseite","item":"https:\/\/www.lohschule-datteln.de\/"},{"@type":"ListItem","position":2,"name":"Warnwesten f\u00fcr die Erstkl\u00e4ssler"}]},{"@type":"WebSite","@id":"https:\/\/www.lohschule-datteln.de\/#website","url":"https:\/\/www.lohschule-datteln.de\/","name":"Lohschule Datteln","description":"kath. Grundschule","publisher":{"@id":"https:\/\/www.lohschule-datteln.de\/#organization"},"potentialAction":[{"@type":"SearchAction","target":{"@type":"EntryPoint","urlTemplate":"https:\/\/www.lohschule-datteln.de\/?s={search_term_string}"},"query-input":{"@type":"PropertyValueSpecification","valueRequired":true,"valueName":"search_term_string"}}],"inLanguage":"de"},{"@type":"Organization","@id":"https:\/\/www.lohschule-datteln.de\/#organization","name":"Lohschule -katholische Grundschule Datteln","url":"https:\/\/www.lohschule-datteln.de\/","logo":{"@type":"ImageObject","inLanguage":"de","@id":"https:\/\/www.lohschule-datteln.de\/#\/schema\/logo\/image\/","url":"http:\/\/www.lohschule-datteln.de\/wp-content\/uploads\/2016\/02\/Loh-neu-2016.jpg","contentUrl":"http:\/\/www.lohschule-datteln.de\/wp-content\/uploads\/2016\/02\/Loh-neu-2016.jpg","width":448,"height":252,"caption":"Lohschule -katholische Grundschule Datteln"},"image":{"@id":"https:\/\/www.lohschule-datteln.de\/#\/schema\/logo\/image\/"}}]}},"_links":{"self":[{"href":"https:\/\/www.lohschule-datteln.de\/index.php\/wp-json\/wp\/v2\/pages\/15220","targetHints":{"allow":["GET"]}}],"collection":[{"href":"https:\/\/www.lohschule-datteln.de\/index.php\/wp-json\/wp\/v2\/pages"}],"about":[{"href":"https:\/\/www.lohschule-datteln.de\/index.php\/wp-json\/wp\/v2\/types\/page"}],"author":[{"embeddable":true,"href":"https:\/\/www.lohschule-datteln.de\/index.php\/wp-json\/wp\/v2\/users\/3"}],"replies":[{"embeddable":true,"href":"https:\/\/www.lohschule-datteln.de\/index.php\/wp-json\/wp\/v2\/comments?post=15220"}],"version-history":[{"count":2,"href":"https:\/\/www.lohschule-datteln.de\/index.php\/wp-json\/wp\/v2\/pages\/15220\/revisions"}],"predecessor-version":[{"id":15226,"href":"https:\/\/www.lohschule-datteln.de\/index.php\/wp-json\/wp\/v2\/pages\/15220\/revisions\/15226"}],"wp:attachment":[{"href":"https:\/\/www.lohschule-datteln.de\/index.php\/wp-json\/wp\/v2\/media?parent=15220"}],"curies":[{"name":"wp","href":"https:\/\/api.w.org\/{rel}","templated":true}]}}