{"id":196,"date":"2016-02-09T03:41:10","date_gmt":"2016-02-09T02:41:10","guid":{"rendered":"http:\/\/www.lohschule-datteln.de\/?page_id=196"},"modified":"2024-08-21T16:01:05","modified_gmt":"2024-08-21T14:01:05","slug":"mitarbeiter","status":"publish","type":"page","link":"https:\/\/www.lohschule-datteln.de\/index.php\/mitarbeiter\/","title":{"rendered":"OGS-ABC"},"content":{"rendered":"<h3>Unser Leitfaden<\/h3>\n<p>informiert Sie \u00fcber wichtige Einzelheiten:<\/p>\n<p>Liebe Eltern,<\/p>\n<p>unser kleines ABC soll helfen, die Abl\u00e4ufe und Regeln in unserer OGS kennen zu lernen. Nat\u00fcrlich k\u00f6nnen wir an dieser Stelle nur einen kleinen \u00dcberblick geben, es werden sicherlich noch Fragen offen bleiben.<\/p>\n<p>Bitte sprechen Sie uns an, wenn Sie Informationsbedarf haben.<\/p>\n<p style=\"text-align: center;\"><span style=\"color: #ff0000;\"><strong>A<\/strong><\/span> wie<\/p>\n<p><span style=\"color: #ff0000;\"><strong>Abholen<\/strong>:<\/span> <strong>Die OGS ist an Schultagen t\u00e4glich bis 16:00 Uhr f\u00fcr Ihre Kinder ge\u00f6ffnet. Sie haben auf dem Erkl\u00e4rungsformular angegeben, ob Ihr Kind alleine nach Hause gehen darf, oder ob und von wem es abgeholt wird. Soll Ihr Kind ausnahmsweise von anderen Personen mitgenommen werden, muss uns dies von Ihnen vorher zur Sicherheit Ihres Kindes rechtzeitig schriftlich oder telefonisch mitgeteilt werden. Bitte stellen Sie sicher, dass auch Ihr Kind wei\u00df, von wem es abgeholt werden darf! Es ist wichtig, dass Ihr Kind sich immer bei einer Betreuerin seiner Gruppe abmeldet, wenn es nach Hause geht. Gerade den Schulneulingen hilft es, wenn Sie selbst beim Abholen mit gutem Beispiel vorangehen und sich entsprechend verabschieden.<\/strong><\/p>\n<p><strong><span style=\"color: #ff0000;\">Abholzeiten<\/span>:<\/strong> Nach den Bestimmungen des Runderlasses des Ministeriums f\u00fcr Schule und Weiterbildung NRW ist die t\u00e4gliche Teilnahme an der OGS bis 15.00 Uhr verpflichtend. Sie haben daher die M\u00f6glichkeit, Ihr Kind t\u00e4glich um 15.00 Uhr oder um 16.00 Uhr abzuholen. Achten Sie bitte darauf, dass Sie Ihr Kind, wenn es an einer Arbeitsgemeinschaft teilnimmt, erst um 16.00 Uhr abholen. Wir bitten Sie, diese Zeiten einzuhalten, um eine sinnvolle p\u00e4dagogische Arbeit nicht zu behindern.<\/p>\n<p><span style=\"color: #ff0000;\"><strong>Angebote<\/strong><\/span><strong>:<\/strong> Wir bieten unseren Kindern verschiedene Arbeitsgemeinschaften aus dem sportlichen, musischen und kreativen Bereich an. Seine AGs w\u00e4hlt ihr Kind in Absprache mit den Betreuern aus und meldet sich f\u00fcr ca. 4 Wochen verbindlich an. Die Eltern werden \u00fcber die Wahl schriftlich informiert. Die Teilnahme und das Ende des jeweiligen Angebotes werden in einem Angebotsheft dokumentiert. Die Sport AG wird f\u00fcr alle Kinder 1 x w\u00f6chentlich angeboten und sollte nach M\u00f6glichkeit auch von <strong>allen <\/strong>Kindern besucht werden.<\/p>\n<p>XXX<\/p>\n<p>Bitte denken Sie daran, Ihr Kind nicht schon w\u00e4hrend der laufenden AG abzuholen, da dieses zu Unruhe in der Gruppe f\u00fchrt. Sollten Sie einen wichtigen Termin haben oder Ihr Kind kann aus anderen Gr\u00fcnden nicht an seiner AG teilnehmen, teilen Sie uns dieses bitte fr\u00fchzeitig mit, damit wir es ber\u00fccksichtigen k\u00f6nnen.<\/p>\n<p style=\"text-align: center;\"><span style=\"color: #ff0000;\"><strong>B<\/strong><\/span> wie<\/p>\n<p><strong>Bastelmaterial<\/strong><strong>:<\/strong> Da die Kreativit\u00e4t mancher Kinder unersch\u00f6pflich ist, haben wir einen st\u00e4ndigen Bedarf an Bastelmaterialien. Wir freuen uns vor allem \u00fcber Spenden von Schmier- und Bastelpapier, Perlen, Stoffresten, Wolle, Glitzer usw.<\/p>\n<p style=\"text-align: center;\"><span style=\"color: #ff0000;\"><strong>D<\/strong><\/span> wie<\/p>\n<p><span style=\"color: #ff0000;\"><strong>drau\u00dfen spielen<\/strong><strong>:<\/strong><\/span> Kinder wollen bei fast jedem Wetter drau\u00dfen spielen. Wo es geht, f\u00f6rdern wir die Bewegung der Kinder an der frischen Luft. Bitte achten Sie auf jahreszeiten-\/wettergem\u00e4\u00dfe Kleidung.<\/p>\n<p style=\"text-align: center;\"><span style=\"color: #ff0000;\">E<\/span> wie<\/p>\n<p><span style=\"color: #ff0000;\"><strong>Eigentum der Kinder<\/strong><\/span>: Bitte kennzeichnen Sie die Sachen Ihrer Kinder, wie Jacken, Hausschuhe, M\u00e4ppchen, etc. So k\u00f6nnen vergessene und gefundene Sachen zugeordnet werden.<\/p>\n<p><span style=\"color: #ff0000;\"><strong>Elterncafe \/Elternabend:<\/strong><\/span> Einmal im Halbjahr veranstalten wir in der OGS ein Elterntreffen in unterschiedlicher Form. So m\u00f6chten wir m\u00f6glichst vielen Eltern Gelegenheit zum Austausch zu geben.<\/p>\n<p><span style=\"color: #ff0000;\"><strong>Elternmitarbeit<\/strong><strong>:<\/strong><\/span> Die vertrauensvolle Zusammenarbeit mit Ihnen ist uns wichtig. Wenn Sie Anregungen oder Fragen haben, sprechen Sie uns bitte an. Wir vereinbaren auch gerne einen pers\u00f6nlichen Gespr\u00e4chstermin mit Ihnen.<\/p>\n<p><span style=\"color: #ff0000;\"><strong>Erkl\u00e4rungsformular<\/strong><\/span><strong>:<\/strong> F\u00fcr jedes Kind gibt es einen Kontaktbogen mit allen Informationen wie Telefonnummern, Abholberechtigungen, Besonderheiten etc. Es ist wichtig, dass Sie uns zeitnah informieren, wenn sich etwas an Ihren Angaben ge\u00e4ndert hat. Sorgen Sie bitte daf\u00fcr, dass jederzeit ein telefonischer Ansprechpartner f\u00fcr die OGS bzw. auch f\u00fcr Ihr Kind zur Verf\u00fcgung steht.<\/p>\n<p style=\"text-align: center;\"><span style=\"color: #ff0000;\">F<\/span> wie<\/p>\n<p><span style=\"color: #ff0000;\"><strong>Ferienbetreuung<\/strong><\/span><strong>:<\/strong> Auch in den Ferien bietet unsere OGS eine verl\u00e4ssliche Betreuung und verschiedene Aktionen. Die Teilnahme wird fr\u00fchzeitig vor Beginn der entsprechenden Ferien schriftlich abgefragt. Nur eine z\u00fcgige und verl\u00e4ssliche R\u00fcckmeldung der Eltern erm\u00f6glicht uns eine sinnvolle Planung der Ausfl\u00fcge.<\/p>\n<p><strong><span style=\"color: #ff0000;\">Freispiel<\/span>:<\/strong> Das frei gew\u00e4hlte Spielen ist sehr wichtig. Neben dem strukturierten Alltag in der Schule und der OGS brauchen die Kinder auch die M\u00f6glichkeit, ihren Tag eigenverantwortlich nach ihren Bed\u00fcrfnissen gestalten zu k\u00f6nnen.<\/p>\n<p><span style=\"color: #ff0000;\"><strong>Fundkiste<\/strong><\/span><strong>:<\/strong> Ist Ihr Kind ohne Jacke nach Hause gekommen? Bitte sehen Sie regelm\u00e4\u00dfig in unseren Fundkisten nach.<\/p>\n<p style=\"text-align: center;\"><span style=\"color: #ff0000;\"><strong>G<\/strong><\/span> wie<\/p>\n<p><span style=\"color: #ff0000;\"><strong>Gruppen<\/strong><\/span><strong>:<\/strong> Es gibt bei uns zurzeit 2 OGS Gruppen. Eine Gruppe befindet sich im Obergeschoss der Schule, die zweite Gruppe befindet sich im Anbau. Jede Gruppe verf\u00fcgt \u00fcber zwei Gruppenr\u00e4ume, die von den Kindern und den Betreuerinnen kindgerecht gestaltet sind. Es gibt in jedem Raum ein Sofa, einen Mal- und Bastelbereich, und verschiedene Spielbereiche. Die Kinder d\u00fcrfen selbstverst\u00e4ndlich die andere Gruppe besuchen.<\/p>\n<p style=\"text-align: center;\"><span style=\"color: #ff0000;\">H<\/span> wie<\/p>\n<p><strong><span style=\"color: #ff0000;\">Hausschuhe<\/span>:<\/strong> Damit unsere R\u00e4ume zum Spielen sauber bleiben, ben\u00f6tigt jedes Kind in der OGS Hausschuhe.<\/p>\n<p style=\"text-align: center;\"><span style=\"color: #ff0000;\">I<\/span> wie<\/p>\n<p><span style=\"color: #ff0000;\"><strong>Informationen<\/strong><\/span><strong>:<\/strong> Elternbriefe geben wir Ihren Kindern in der Postmappe mit. R\u00fcckmeldungen auf Elterninformationen sollten schnellstm\u00f6glich zur\u00fcck gegeben werden, damit eine sinnvolle Planung (Mitarbeitereinsatz, Ferien, Elterncafe\u00b4\u2026) erfolgen kann.<\/p>\n<p><span style=\"color: #ff0000;\"><strong>Jahreszeiten<\/strong><\/span><strong>:<\/strong> In der Offenen Ganztagsschule basteln wir entsprechend der vier Jahreszeiten und freuen uns immer \u00fcber verschiedene Materialspenden. (Wolle, Watte, Eierpappen\u2026)<\/p>\n<p><strong>\u00a0<\/strong><\/p>\n<p style=\"text-align: center;\"><span style=\"color: #ff0000;\"><strong>K<\/strong><\/span> wie<\/p>\n<p><span style=\"color: #ff0000;\"><strong>Konzept<\/strong><\/span><strong>:<\/strong> Das OGS \u2013 Konzept k\u00f6nnen Sie jederzeit auf der Homepage der Schule einsehen.<\/p>\n<p><span style=\"color: #ff0000;\"><strong>Krankheit<\/strong><\/span>: Sollte Ihr Kind krank sein und die OGS nicht besuchen k\u00f6nnen, bitten wir Sie, dieses telefonisch mitzuteilen. Unser Anrufbeantworter wird von uns regelm\u00e4\u00dfig abgeh\u00f6rt.<\/p>\n<p><strong><span style=\"color: #ff0000;\">Kleidung<\/span>:<\/strong> Bitte beschriften Sie die Jacken und Schuhe Ihres Kindes mit Namen!<\/p>\n<p style=\"text-align: center;\"><span style=\"color: #ff0000;\">L<\/span> wie<\/p>\n<p style=\"text-align: left;\"><strong><span style=\"color: #ff0000;\">Lernen<\/span>:<\/strong> Ihr Kind lernt nicht nur morgens im Unterricht. Auch im Offenen Ganztag am Nachmittag lernt es: aufmerksam zu sein und zuzuh\u00f6ren &#8211;mit anderen Kindern auszukommen&#8211;sich bei einem Streit wieder zu vertragen&#8211;R\u00fccksicht auf andere zu nehmen&#8211;sich an Regeln zu halten und Vieles mehr.<\/p>\n<p><strong><span style=\"color: #ff0000;\">Lernzeit<\/span><\/strong>: Im Schuljahr 2024\/25 beginnt die Lohschule in Kooperation mit der OGS das neue Lernzeitmodell. Dieses ersetzt weitestgehend die normalen Hausaufgaben. Die Lernzeiten gelten f\u00fcr alle Kinder der Klasse und sind im normalen Stundenplan verankert.<\/p>\n<p style=\"text-align: center;\"><span style=\"color: #ff0000;\">\u00a0\u00a0<\/span>\u00a0<strong>\u00a0\u00a0\u00a0\u00a0\u00a0\u00a0\u00a0\u00a0\u00a0\u00a0\u00a0\u00a0\u00a0\u00a0\u00a0\u00a0<\/strong><\/p>\n<p style=\"text-align: center;\"><span style=\"color: #ff0000;\"><strong>M<\/strong><\/span> wie<\/p>\n<p><strong><span style=\"color: #ff0000;\">Magnetw\u00e4nde<\/span>:<\/strong> Alle Kinder besitzen einen Magneten mit ihrem Namen und platzieren ihn auf den Magnetw\u00e4nden in ihrer Gruppe entsprechend dem Raum, in dem sie sich gerade aufhalten.<\/p>\n<p><span style=\"color: #ff0000;\"><strong>Medikamente<\/strong><\/span><strong>:<\/strong> Wir d\u00fcrfen den Kindern nur dann Medikamente verabreichen, wenn wir die schriftliche Erkl\u00e4rung der Eltern \u00fcber die Medikation mit Datum und Uhrzeit vorgelegt bekommen. Bei verschreibungspflichtigen Medikamenten legen Sie uns bitte das Attest bzw. das Rezept des Arztes vor.<\/p>\n<p><strong>\u00a0<\/strong><\/p>\n<p><strong><span style=\"color: #ff0000;\">Mittagessen<\/span>:<\/strong> Das Mittagessen ist ein fester, p\u00e4dagogischer Bestandteil des offenen Ganztags-Angebotes und deshalb verpflichtend. Die gemeinsame Einnahme des Mittagessens vermittelt die Bedeutung von gesunder Ern\u00e4hrung und die Werte einer Tischkultur. Religi\u00f6se Hintergr\u00fcnde oder Lebensmittelallergien werden hierbei ber\u00fccksichtigt. Das Essen\u00a0 und die Getr\u00e4nke kosten monatlich 50 \u20ac. \u00a0Dieser Betrag \u00a0wird jeweils am Monatsanfang durch die Buchhaltung unseres Tr\u00e4gers von Ihrem Konto abgebucht. Erm\u00e4\u00dfigungsantr\u00e4ge im Rahmen des Bildungs-und Teilhabepaketes k\u00f6nnen beim Sozialamt gestellt werden.<\/p>\n<p><strong>\u00a0<\/strong><\/p>\n<p><strong>\u00a0<\/strong><\/p>\n<p style=\"text-align: center;\"><span style=\"color: #ff0000;\"><strong>N<\/strong> <\/span>wie<\/p>\n<p><span style=\"color: #ff0000;\"><strong>Notf\u00e4lle<\/strong><\/span><strong>:<\/strong> Bei Notf\u00e4llen ist es dringend n\u00f6tig, dass wir von Ihnen die aktuellen Telefonnummern (Festnetz, Handy, Arbeitsstelle\u2026)besitzen. \u00c4nderungen Ihrer Wohnanschrift und\/oder von Telefonnummern teilen Sie uns bitte<strong> unverz\u00fcglich<\/strong> mit!<\/p>\n<h2><\/h2>\n<p style=\"text-align: center;\"><strong><span style=\"color: #ff0000;\">\u00d6<\/span> <\/strong>wie<\/p>\n<p><strong><span style=\"color: #ff0000;\">\u00d6ffnungszeiten<\/span>:<\/strong> Unsere Offene Ganztagsschule hat montags \u2013 freitags von 11:30 Uhr \u2013 16:00 Uhr ge\u00f6ffnet. In den Ferien und an unterrichtsfreien Tagen (Schulkonferenzen, bewegliche Ferientage) \u00f6ffnen wir t\u00e4glich 8:00 Uhr \u2013 16:00 Uhr. Abweichungen werden Ihnen rechtzeitig mitgeteilt.<\/p>\n<p style=\"text-align: center;\"><strong>P<\/strong> wie<\/p>\n<p><span style=\"color: #ff0000;\"><strong>P\u00fcnktlichkeit<\/strong> <\/span>und Verl\u00e4sslichkeit zeigen allen Kindern, dass wir sie wichtig nehmen und sie wertsch\u00e4tzen. P\u00fcnktlichkeit und das Einhalten unserer Anruf- und \u00d6ffnungszeiten machen uns es m\u00f6glich, uns ungest\u00f6rt Ihren Kindern zu widmen und eine ruhige und ausgeglichene Atmosph\u00e4re in den Gruppen zu schaffen.<\/p>\n<p><strong><span style=\"color: #ff0000;\">Probleme<\/span>:<\/strong> Kleine und gro\u00dfe Probleme, Sorgen, Fragen und Hinweise k\u00f6nnen und sollen mit uns besprochen werden. Gerne vereinbaren wir mit Ihnen Gespr\u00e4chstermine, an denen wir uns f\u00fcr Sie mehr Zeit nehmen k\u00f6nnen, als bei einem kurzen Gespr\u00e4ch \u201ezwischen T\u00fcr und Angel\u201c.<\/p>\n<p><strong>\u00a0<\/strong><\/p>\n<p style=\"text-align: center;\"><strong>Q<\/strong> wie<\/p>\n<p><span style=\"color: #ff0000;\"><strong>Qualit\u00e4t<\/strong><\/span><strong>:<\/strong> Zur Verbesserung der Qualit\u00e4t nehmen die Mitarbeiter der OGS an Fortbildungen teil. Gemeinsam mit der Schule arbeitet das Betreuungsteam stetig an Verbesserungs- und Erg\u00e4nzungsma\u00dfnahmen, um den Kindern eine abwechslungsreiche und effektive Betreuung am Nachmittag zu bieten.<\/p>\n<p style=\"text-align: center;\"><span style=\"color: #ff0000;\">R<\/span> wie<\/p>\n<p><strong><span style=\"color: #ff0000;\">Regeln<\/span>:<\/strong> Regeln sind wichtig f\u00fcr einen reibungslosen, harmonischen Ablauf. Sie bieten den Kindern eine klare Orientierung, geben ihnen dadurch Halt und Sicherheit. Sie sind also auch zum Schutz f\u00fcr alle wichtig. Sie helfen in unserer OGS, ein r\u00fccksichtsvolles Miteinander zu erm\u00f6glichen. Wir haben viele Regeln gemeinsam mit den Kindern erarbeitet und achten auf deren Einhaltung. Achten Sie bitte mit darauf, dass Ihr Kind die vereinbarten Regeln einh\u00e4lt!<\/p>\n<p><strong>\u00a0<\/strong><\/p>\n<p style=\"text-align: center;\"><strong>S<\/strong> wie<\/p>\n<p><strong><span style=\"color: #ff0000;\">Schlie\u00dfungszeiten<\/span>:<\/strong> Unsere OGS schlie\u00dft 3 Wochen in den Sommerferien. Die Schlie\u00dfungszeiten f\u00fcr das jeweils laufende Schuljahr erhalten Sie innerhalb der ersten Schulwochen.<\/p>\n<p><strong>\u00a0<\/strong><\/p>\n<p style=\"text-align: center;\"><span style=\"color: #ff0000;\"><strong>T<\/strong> <\/span>wie<\/p>\n<p><span style=\"color: #ff0000;\"><strong>Telefon<\/strong><\/span><strong>:<\/strong> Wir sind unter der Festnetznummer (02363)366217 (Obergeschoss) oder (o2363) 3577375 (B\u00fcro-Erdgeschoss) oder der Handynummer 0172\/6733057 in der Zeit von 11:15 Uhr bis 16:00 Uhr zu erreichen. Wenn Sie uns pers\u00f6nlich nicht erreichen, k\u00f6nnen Sie auf unserem Anrufbeantworter gerne jederzeit eine Nachricht hinterlassen.<\/p>\n<p><strong><span style=\"color: #ff0000;\">Telefonanrufe<\/span>:<\/strong> Bitte rufen Sie nicht in der Mittagszeit von 13:30 bis 14:15 Uhr an, da wir ungest\u00f6rt mit Ihren Kindern zu Mittag essen m\u00f6chten.<\/p>\n<p><span style=\"color: #ff0000;\"><strong>Tr\u00e4ger<\/strong><\/span><strong>:<\/strong> Tr\u00e4ger unserer Einrichtung ist das Deutsche Rote Kreuz, Stadtverband Datteln e.V.<\/p>\n<p><strong>\u00a0<\/strong><\/p>\n<p style=\"text-align: center;\"><span style=\"color: #ff0000;\"><strong>U<\/strong><\/span> wie<\/p>\n<p><span style=\"color: #ff0000;\"><strong>Unterrichtsausfall<\/strong><\/span><strong>:<\/strong> Sollte es bei Erkrankung von Lehrkr\u00e4ften zum Ausfall von Unterricht kommen, so \u00fcbernimmt die Schule oder die OGS in enger Absprache miteinander die Betreuung Ihrer Kinder.<\/p>\n<p><strong><span style=\"color: #ff0000;\">Umfeld<\/span>:<\/strong> Besonders an unterrichtsfreien Tagen kann es sein, dass wir mit den Kindern auch die Umgebung um unsere\u00a0 Schule herum erkunden. Bitte teilen Sie uns deshalb immer rechtzeitig mit, falls Sie Ihr Kind einmal aus terminlichen Gr\u00fcnden eher als 16:00 Uhr aus der OGS abholen.<\/p>\n<p style=\"text-align: center;\"><span style=\"color: #ff0000;\">V<\/span> wie<\/p>\n<p><strong><span style=\"color: #ff0000;\">Verbote<\/span>:<\/strong> In allen F\u00e4llen gelten f\u00fcr die OGS die Vorschriften der Hausordnung der Schule. Gef\u00e4hrliche Gegenst\u00e4nde (z.B. Taschenmesser) oder Spielger\u00e4te sind grunds\u00e4tzlich verboten!<\/p>\n<p style=\"text-align: center;\"><span style=\"color: #ff0000;\"><strong>W<\/strong><\/span> <strong>wie<\/strong><\/p>\n<p><strong><span style=\"color: #ff0000;\">Wechselw\u00e4sche<\/span>:<\/strong> Diese ist ganz wichtig, falls Ihrem Kind einmal ein \u201eMalheur\u201c passiert oder einmal Regen oder Schnee die Kleidung durchn\u00e4sst. Die Wechselw\u00e4sche kann in einem mit Namen versehenen Beutel bei uns gelagert werden.<\/p>\n<p><span style=\"color: #ff0000;\"><strong>Wertgegenst\u00e4nde<\/strong><\/span><strong>:<\/strong> F\u00fcr Gegenst\u00e4nde (z.B. Mobiltelefone), die nicht im Schulunterricht gebraucht werden \/ nicht mit in die Schule gebracht werden sollen und die die Kinder trotzdem dabei haben, \u00fcbernehmen wir keine Haftung. Die Kinder sind selbst daf\u00fcr verantwortlich.<\/p>\n<p><strong>\u00a0<\/strong><\/p>\n<p style=\"text-align: center;\"><span style=\"color: #ff0000;\"><strong>Z<\/strong><\/span> wie<\/p>\n<p><strong><span style=\"color: #ff0000;\">Ziele<\/span>:<\/strong> Oberstes Ziel ist es, das sich alle Beteiligten in unserer Offenen Ganztagsgrundschule wohl f\u00fchlen. Wir m\u00f6chten die uns anvertrauten Kinder erfolgreich durch die Grundschulzeit begleiten und auf das weitere (Schul)Leben vorbereiten.<\/p>\n<p><strong><span style=\"color: #ff0000;\">Zusammenarbeit<\/span>:<\/strong> Wir arbeiten eng mit allen am Erziehungsprozess Ihrer Kinder beteiligten Institutionen zusammen. Wir sind offen f\u00fcr Gespr\u00e4che mit Eltern, Lehrern und familienbegleitenden Einrichtungen und nehmen Anregungen, die uns in der Arbeit mit den Kindern unterst\u00fctzen, gerne auf.<\/p>\n<p>Liebe Eltern,<\/p>\n<p>wir hoffen, dass unser ABC Ihnen die wichtigsten Informationen f\u00fcr eine gute Zusammenarbeit zum Wohl Ihres Kindes gegeben hat. Es erhebt keinen Anspruch auf Vollst\u00e4ndigkeit. \u00c4nderungen\/ Erg\u00e4nzungen sind jederzeit m\u00f6glich.<\/p>\n<p>Ihr OGS &#8211; Team<\/p>\n","protected":false},"excerpt":{"rendered":"<p>Unser Leitfaden informiert Sie \u00fcber wichtige Einzelheiten: Liebe Eltern, unser kleines ABC soll helfen, die Abl\u00e4ufe und Regeln in unserer OGS kennen zu lernen. Nat\u00fcrlich k\u00f6nnen wir an dieser Stelle nur einen kleinen \u00dcberblick geben, es werden sicherlich noch Fragen offen bleiben. Bitte sprechen Sie uns an, wenn Sie Informationsbedarf haben. A wie Abholen: Die [&hellip;]<\/p>\n","protected":false},"author":3,"featured_media":0,"parent":0,"menu_order":0,"comment_status":"closed","ping_status":"closed","template":"","meta":{"footnotes":""},"class_list":["post-196","page","type-page","status-publish","hentry"],"yoast_head":"<!-- This site is optimized with the Yoast SEO plugin v27.5 - https:\/\/yoast.com\/product\/yoast-seo-wordpress\/ -->\n<title>OGS-ABC - Lohschule Datteln<\/title>\n<meta name=\"robots\" content=\"index, follow, max-snippet:-1, max-image-preview:large, max-video-preview:-1\" \/>\n<link rel=\"canonical\" href=\"https:\/\/www.lohschule-datteln.de\/index.php\/mitarbeiter\/\" \/>\n<meta property=\"og:locale\" content=\"de_DE\" \/>\n<meta property=\"og:type\" content=\"article\" \/>\n<meta property=\"og:title\" content=\"OGS-ABC - Lohschule Datteln\" \/>\n<meta property=\"og:description\" content=\"Unser Leitfaden informiert Sie \u00fcber wichtige Einzelheiten: Liebe Eltern, unser kleines ABC soll helfen, die Abl\u00e4ufe und Regeln in unserer OGS kennen zu lernen. Nat\u00fcrlich k\u00f6nnen wir an dieser Stelle nur einen kleinen \u00dcberblick geben, es werden sicherlich noch Fragen offen bleiben. Bitte sprechen Sie uns an, wenn Sie Informationsbedarf haben. A wie Abholen: Die [&hellip;]\" \/>\n<meta property=\"og:url\" content=\"https:\/\/www.lohschule-datteln.de\/index.php\/mitarbeiter\/\" \/>\n<meta property=\"og:site_name\" content=\"Lohschule Datteln\" \/>\n<meta property=\"article:modified_time\" content=\"2024-08-21T14:01:05+00:00\" \/>\n<meta name=\"twitter:card\" content=\"summary_large_image\" \/>\n<meta name=\"twitter:label1\" content=\"Gesch\u00e4tzte Lesezeit\" \/>\n\t<meta name=\"twitter:data1\" content=\"10\u00a0Minuten\" \/>\n<script type=\"application\/ld+json\" class=\"yoast-schema-graph\">{\"@context\":\"https:\\\/\\\/schema.org\",\"@graph\":[{\"@type\":\"WebPage\",\"@id\":\"https:\\\/\\\/www.lohschule-datteln.de\\\/index.php\\\/mitarbeiter\\\/\",\"url\":\"https:\\\/\\\/www.lohschule-datteln.de\\\/index.php\\\/mitarbeiter\\\/\",\"name\":\"OGS-ABC - Lohschule Datteln\",\"isPartOf\":{\"@id\":\"https:\\\/\\\/www.lohschule-datteln.de\\\/#website\"},\"datePublished\":\"2016-02-09T02:41:10+00:00\",\"dateModified\":\"2024-08-21T14:01:05+00:00\",\"breadcrumb\":{\"@id\":\"https:\\\/\\\/www.lohschule-datteln.de\\\/index.php\\\/mitarbeiter\\\/#breadcrumb\"},\"inLanguage\":\"de\",\"potentialAction\":[{\"@type\":\"ReadAction\",\"target\":[\"https:\\\/\\\/www.lohschule-datteln.de\\\/index.php\\\/mitarbeiter\\\/\"]}]},{\"@type\":\"BreadcrumbList\",\"@id\":\"https:\\\/\\\/www.lohschule-datteln.de\\\/index.php\\\/mitarbeiter\\\/#breadcrumb\",\"itemListElement\":[{\"@type\":\"ListItem\",\"position\":1,\"name\":\"Startseite\",\"item\":\"https:\\\/\\\/www.lohschule-datteln.de\\\/\"},{\"@type\":\"ListItem\",\"position\":2,\"name\":\"OGS-ABC\"}]},{\"@type\":\"WebSite\",\"@id\":\"https:\\\/\\\/www.lohschule-datteln.de\\\/#website\",\"url\":\"https:\\\/\\\/www.lohschule-datteln.de\\\/\",\"name\":\"Lohschule Datteln\",\"description\":\"kath. Grundschule\",\"publisher\":{\"@id\":\"https:\\\/\\\/www.lohschule-datteln.de\\\/#organization\"},\"potentialAction\":[{\"@type\":\"SearchAction\",\"target\":{\"@type\":\"EntryPoint\",\"urlTemplate\":\"https:\\\/\\\/www.lohschule-datteln.de\\\/?s={search_term_string}\"},\"query-input\":{\"@type\":\"PropertyValueSpecification\",\"valueRequired\":true,\"valueName\":\"search_term_string\"}}],\"inLanguage\":\"de\"},{\"@type\":\"Organization\",\"@id\":\"https:\\\/\\\/www.lohschule-datteln.de\\\/#organization\",\"name\":\"Lohschule -katholische Grundschule Datteln\",\"url\":\"https:\\\/\\\/www.lohschule-datteln.de\\\/\",\"logo\":{\"@type\":\"ImageObject\",\"inLanguage\":\"de\",\"@id\":\"https:\\\/\\\/www.lohschule-datteln.de\\\/#\\\/schema\\\/logo\\\/image\\\/\",\"url\":\"http:\\\/\\\/www.lohschule-datteln.de\\\/wp-content\\\/uploads\\\/2016\\\/02\\\/Loh-neu-2016.jpg\",\"contentUrl\":\"http:\\\/\\\/www.lohschule-datteln.de\\\/wp-content\\\/uploads\\\/2016\\\/02\\\/Loh-neu-2016.jpg\",\"width\":448,\"height\":252,\"caption\":\"Lohschule -katholische Grundschule Datteln\"},\"image\":{\"@id\":\"https:\\\/\\\/www.lohschule-datteln.de\\\/#\\\/schema\\\/logo\\\/image\\\/\"}}]}<\/script>\n<!-- \/ Yoast SEO plugin. -->","yoast_head_json":{"title":"OGS-ABC - Lohschule Datteln","robots":{"index":"index","follow":"follow","max-snippet":"max-snippet:-1","max-image-preview":"max-image-preview:large","max-video-preview":"max-video-preview:-1"},"canonical":"https:\/\/www.lohschule-datteln.de\/index.php\/mitarbeiter\/","og_locale":"de_DE","og_type":"article","og_title":"OGS-ABC - Lohschule Datteln","og_description":"Unser Leitfaden informiert Sie \u00fcber wichtige Einzelheiten: Liebe Eltern, unser kleines ABC soll helfen, die Abl\u00e4ufe und Regeln in unserer OGS kennen zu lernen. Nat\u00fcrlich k\u00f6nnen wir an dieser Stelle nur einen kleinen \u00dcberblick geben, es werden sicherlich noch Fragen offen bleiben. Bitte sprechen Sie uns an, wenn Sie Informationsbedarf haben. A wie Abholen: Die [&hellip;]","og_url":"https:\/\/www.lohschule-datteln.de\/index.php\/mitarbeiter\/","og_site_name":"Lohschule Datteln","article_modified_time":"2024-08-21T14:01:05+00:00","twitter_card":"summary_large_image","twitter_misc":{"Gesch\u00e4tzte Lesezeit":"10\u00a0Minuten"},"schema":{"@context":"https:\/\/schema.org","@graph":[{"@type":"WebPage","@id":"https:\/\/www.lohschule-datteln.de\/index.php\/mitarbeiter\/","url":"https:\/\/www.lohschule-datteln.de\/index.php\/mitarbeiter\/","name":"OGS-ABC - Lohschule Datteln","isPartOf":{"@id":"https:\/\/www.lohschule-datteln.de\/#website"},"datePublished":"2016-02-09T02:41:10+00:00","dateModified":"2024-08-21T14:01:05+00:00","breadcrumb":{"@id":"https:\/\/www.lohschule-datteln.de\/index.php\/mitarbeiter\/#breadcrumb"},"inLanguage":"de","potentialAction":[{"@type":"ReadAction","target":["https:\/\/www.lohschule-datteln.de\/index.php\/mitarbeiter\/"]}]},{"@type":"BreadcrumbList","@id":"https:\/\/www.lohschule-datteln.de\/index.php\/mitarbeiter\/#breadcrumb","itemListElement":[{"@type":"ListItem","position":1,"name":"Startseite","item":"https:\/\/www.lohschule-datteln.de\/"},{"@type":"ListItem","position":2,"name":"OGS-ABC"}]},{"@type":"WebSite","@id":"https:\/\/www.lohschule-datteln.de\/#website","url":"https:\/\/www.lohschule-datteln.de\/","name":"Lohschule Datteln","description":"kath. Grundschule","publisher":{"@id":"https:\/\/www.lohschule-datteln.de\/#organization"},"potentialAction":[{"@type":"SearchAction","target":{"@type":"EntryPoint","urlTemplate":"https:\/\/www.lohschule-datteln.de\/?s={search_term_string}"},"query-input":{"@type":"PropertyValueSpecification","valueRequired":true,"valueName":"search_term_string"}}],"inLanguage":"de"},{"@type":"Organization","@id":"https:\/\/www.lohschule-datteln.de\/#organization","name":"Lohschule -katholische Grundschule Datteln","url":"https:\/\/www.lohschule-datteln.de\/","logo":{"@type":"ImageObject","inLanguage":"de","@id":"https:\/\/www.lohschule-datteln.de\/#\/schema\/logo\/image\/","url":"http:\/\/www.lohschule-datteln.de\/wp-content\/uploads\/2016\/02\/Loh-neu-2016.jpg","contentUrl":"http:\/\/www.lohschule-datteln.de\/wp-content\/uploads\/2016\/02\/Loh-neu-2016.jpg","width":448,"height":252,"caption":"Lohschule -katholische Grundschule Datteln"},"image":{"@id":"https:\/\/www.lohschule-datteln.de\/#\/schema\/logo\/image\/"}}]}},"_links":{"self":[{"href":"https:\/\/www.lohschule-datteln.de\/index.php\/wp-json\/wp\/v2\/pages\/196","targetHints":{"allow":["GET"]}}],"collection":[{"href":"https:\/\/www.lohschule-datteln.de\/index.php\/wp-json\/wp\/v2\/pages"}],"about":[{"href":"https:\/\/www.lohschule-datteln.de\/index.php\/wp-json\/wp\/v2\/types\/page"}],"author":[{"embeddable":true,"href":"https:\/\/www.lohschule-datteln.de\/index.php\/wp-json\/wp\/v2\/users\/3"}],"replies":[{"embeddable":true,"href":"https:\/\/www.lohschule-datteln.de\/index.php\/wp-json\/wp\/v2\/comments?post=196"}],"version-history":[{"count":11,"href":"https:\/\/www.lohschule-datteln.de\/index.php\/wp-json\/wp\/v2\/pages\/196\/revisions"}],"predecessor-version":[{"id":14044,"href":"https:\/\/www.lohschule-datteln.de\/index.php\/wp-json\/wp\/v2\/pages\/196\/revisions\/14044"}],"wp:attachment":[{"href":"https:\/\/www.lohschule-datteln.de\/index.php\/wp-json\/wp\/v2\/media?parent=196"}],"curies":[{"name":"wp","href":"https:\/\/api.w.org\/{rel}","templated":true}]}}