{"id":5887,"date":"2019-06-23T11:45:40","date_gmt":"2019-06-23T09:45:40","guid":{"rendered":"http:\/\/www.lohschule-datteln.de\/?page_id=5887"},"modified":"2019-07-14T16:49:13","modified_gmt":"2019-07-14T14:49:13","slug":"kennenlernnachmittag-2019","status":"publish","type":"page","link":"https:\/\/www.lohschule-datteln.de\/index.php\/kennenlernnachmittag-2019\/","title":{"rendered":"Kennenlernnachmittag 2019"},"content":{"rendered":"\n<h2 class=\"wp-block-heading\"><strong>Kennenlernnachmittag unserer zuk\u00fcnftigen Erstkl\u00e4ssler bei viel Sonnenschein und gro\u00dfer Vorfreude&nbsp;<\/strong><\/h2>\n\n\n\n<p><font color=\"orange\"><p><br>&#8222;Herzlich willkommen liebe &#8222;Fische&#8220; der zuk\u00fcnftigen 1a, liebe &#8222;Koalas&#8220; der zuk\u00fcnftigen 1b und liebe &#8222;Fr\u00f6sche&#8220; der zuk\u00fcnftigen 1c!&#8220;. So hie\u00df es an unserem Kennenlernnachmittag am 18.06.2019. W\u00e4hrend Frau Schneider und Frau Kartschewski alle Kinder und Eltern in der Turnhalle im Namen aller Kolleginnen und Kollegen von Herzen an der Lohschule willkommen hie\u00dfen, bereitete der F\u00f6rderverein der Lohschule vor der Turnhalle bereits leckere Verk\u00f6stigungen f\u00fcr alle vor. Es duftete herrlich nach frischen Waffeln und Kaffee und auch der Verkaufsstand der begehrten Lohschul-Shirts durfte nat\u00fcrlich nicht fehlen. Vielen Dank an dieser Stelle an all die vielen flei\u00dfigen H\u00e4nde aus dem F\u00f6rderverein und an die Waffelteigspender!!!<br>In der Turnhalle waren nat\u00fcrlich alle m\u00e4chtig aufgeregt, denn jeder wollte gerne erfahren, zu welcher Klassenlehrerin und mit welchen Kindern er oder sie zusammen in die Klasse kommt. Frau Berges machte mit ihren &#8222;Fischen&#8220; der 1a den Anfang. Und so wurden nach und nach die Kinder von Frau Schneider aufgerufen. Hand in Hand machten sich die kleinen frisch getauften &#8222;Fische&#8220; frohgelaunt und neugierig mit Frau Berges auf den Weg zu ihrem Klassenraum. Danach ging es mit den kleinen &#8222;Koalas&#8220; der 1b und ihrer Klassenlehrerin Frau Rohlmann weiter und schlie\u00dflich mit den &#8222;Fr\u00f6schen&#8220; der 1c und ihren Klassenlehrerinnen Frau Hormann und Frau Neukirch. Unterst\u00fctzt wurden alle Klassen durch die Patenklassenkolleginnen der zuk\u00fcnftigen 3. Klassen, die sich schon sehr darauf freuen, ihre Patenkinder kennenzulernen und sie zu unterst\u00fctzen. W\u00e4hrend die Eltern in der Turnhalle nun noch wichtige Informationen von Frau Schneider bekamen und die OGS und der F\u00f6rderverein sich jeweils vorstellte, hatten die zuk\u00fcnftigen Erstis ihre erste &#8222;Unterrichtsstunde&#8220; im Klassenraum. Das war richtig toll! Alle Kinder lernten sich und ihr Klassentier kennen, sangen, malten und bastelten. Zufrieden und gl\u00fccklich ging es danach wieder zu den Eltern auf den Schulhof. Bis bald, liebe Fische, Koalas und Fr\u00f6sche! Wir freuen uns schon sehr auf euch!!!!\u00a0<\/p><\/font><\/p>\n\n\n\n<p><\/p>\n\n\n\n<p><\/p>\n\n\n\n<ul class=\"wp-block-gallery columns-1 is-cropped wp-block-gallery-1 is-layout-flex wp-block-gallery-is-layout-flex\"><li class=\"blocks-gallery-item\"><figure><img decoding=\"async\" src=\"https:\/\/www.lohschule-datteln.de\/wp-content\/uploads\/2019\/07\/IMG_1425.jpeg\" alt=\"\" data-id=\"6132\" data-link=\"https:\/\/www.lohschule-datteln.de\/index.php\/kennenlernnachmittag-2019\/img_1425\/\" class=\"wp-image-6132\"\/><\/figure><\/li><\/ul>\n","protected":false},"excerpt":{"rendered":"<p>Kennenlernnachmittag unserer zuk\u00fcnftigen Erstkl\u00e4ssler bei viel Sonnenschein und gro\u00dfer Vorfreude&nbsp; &#8222;Herzlich willkommen liebe &#8222;Fische&#8220; der zuk\u00fcnftigen 1a, liebe &#8222;Koalas&#8220; der zuk\u00fcnftigen 1b und liebe &#8222;Fr\u00f6sche&#8220; der zuk\u00fcnftigen 1c!&#8220;. So hie\u00df es an unserem Kennenlernnachmittag am 18.06.2019. W\u00e4hrend Frau Schneider und Frau Kartschewski alle Kinder und Eltern in der Turnhalle im Namen aller Kolleginnen und Kollegen [&hellip;]<\/p>\n","protected":false},"author":3,"featured_media":0,"parent":0,"menu_order":0,"comment_status":"closed","ping_status":"closed","template":"","meta":{"footnotes":""},"class_list":["post-5887","page","type-page","status-publish","hentry"],"yoast_head":"<!-- This site is optimized with the Yoast SEO plugin v27.4 - https:\/\/yoast.com\/product\/yoast-seo-wordpress\/ -->\n<title>Kennenlernnachmittag 2019 - Lohschule Datteln<\/title>\n<meta name=\"robots\" content=\"index, follow, max-snippet:-1, max-image-preview:large, max-video-preview:-1\" \/>\n<link rel=\"canonical\" href=\"https:\/\/www.lohschule-datteln.de\/index.php\/kennenlernnachmittag-2019\/\" \/>\n<meta property=\"og:locale\" content=\"de_DE\" \/>\n<meta property=\"og:type\" content=\"article\" \/>\n<meta property=\"og:title\" content=\"Kennenlernnachmittag 2019 - Lohschule Datteln\" \/>\n<meta property=\"og:description\" content=\"Kennenlernnachmittag unserer zuk\u00fcnftigen Erstkl\u00e4ssler bei viel Sonnenschein und gro\u00dfer Vorfreude&nbsp; &#8222;Herzlich willkommen liebe &#8222;Fische&#8220; der zuk\u00fcnftigen 1a, liebe &#8222;Koalas&#8220; der zuk\u00fcnftigen 1b und liebe &#8222;Fr\u00f6sche&#8220; der zuk\u00fcnftigen 1c!&#8220;. So hie\u00df es an unserem Kennenlernnachmittag am 18.06.2019. W\u00e4hrend Frau Schneider und Frau Kartschewski alle Kinder und Eltern in der Turnhalle im Namen aller Kolleginnen und Kollegen [&hellip;]\" \/>\n<meta property=\"og:url\" content=\"https:\/\/www.lohschule-datteln.de\/index.php\/kennenlernnachmittag-2019\/\" \/>\n<meta property=\"og:site_name\" content=\"Lohschule Datteln\" \/>\n<meta property=\"article:modified_time\" content=\"2019-07-14T14:49:13+00:00\" \/>\n<meta property=\"og:image\" content=\"http:\/\/www.lohschule-datteln.de\/wp-content\/uploads\/2019\/07\/IMG_1425.jpeg\" \/>\n<meta name=\"twitter:card\" content=\"summary_large_image\" \/>\n<meta name=\"twitter:label1\" content=\"Gesch\u00e4tzte Lesezeit\" \/>\n\t<meta name=\"twitter:data1\" content=\"2\u00a0Minuten\" \/>\n<script type=\"application\/ld+json\" class=\"yoast-schema-graph\">{\"@context\":\"https:\\\/\\\/schema.org\",\"@graph\":[{\"@type\":\"WebPage\",\"@id\":\"https:\\\/\\\/www.lohschule-datteln.de\\\/index.php\\\/kennenlernnachmittag-2019\\\/\",\"url\":\"https:\\\/\\\/www.lohschule-datteln.de\\\/index.php\\\/kennenlernnachmittag-2019\\\/\",\"name\":\"Kennenlernnachmittag 2019 - Lohschule Datteln\",\"isPartOf\":{\"@id\":\"https:\\\/\\\/www.lohschule-datteln.de\\\/#website\"},\"primaryImageOfPage\":{\"@id\":\"https:\\\/\\\/www.lohschule-datteln.de\\\/index.php\\\/kennenlernnachmittag-2019\\\/#primaryimage\"},\"image\":{\"@id\":\"https:\\\/\\\/www.lohschule-datteln.de\\\/index.php\\\/kennenlernnachmittag-2019\\\/#primaryimage\"},\"thumbnailUrl\":\"http:\\\/\\\/www.lohschule-datteln.de\\\/wp-content\\\/uploads\\\/2019\\\/07\\\/IMG_1425.jpeg\",\"datePublished\":\"2019-06-23T09:45:40+00:00\",\"dateModified\":\"2019-07-14T14:49:13+00:00\",\"breadcrumb\":{\"@id\":\"https:\\\/\\\/www.lohschule-datteln.de\\\/index.php\\\/kennenlernnachmittag-2019\\\/#breadcrumb\"},\"inLanguage\":\"de\",\"potentialAction\":[{\"@type\":\"ReadAction\",\"target\":[\"https:\\\/\\\/www.lohschule-datteln.de\\\/index.php\\\/kennenlernnachmittag-2019\\\/\"]}]},{\"@type\":\"ImageObject\",\"inLanguage\":\"de\",\"@id\":\"https:\\\/\\\/www.lohschule-datteln.de\\\/index.php\\\/kennenlernnachmittag-2019\\\/#primaryimage\",\"url\":\"http:\\\/\\\/www.lohschule-datteln.de\\\/wp-content\\\/uploads\\\/2019\\\/07\\\/IMG_1425.jpeg\",\"contentUrl\":\"http:\\\/\\\/www.lohschule-datteln.de\\\/wp-content\\\/uploads\\\/2019\\\/07\\\/IMG_1425.jpeg\"},{\"@type\":\"BreadcrumbList\",\"@id\":\"https:\\\/\\\/www.lohschule-datteln.de\\\/index.php\\\/kennenlernnachmittag-2019\\\/#breadcrumb\",\"itemListElement\":[{\"@type\":\"ListItem\",\"position\":1,\"name\":\"Startseite\",\"item\":\"https:\\\/\\\/www.lohschule-datteln.de\\\/\"},{\"@type\":\"ListItem\",\"position\":2,\"name\":\"Kennenlernnachmittag 2019\"}]},{\"@type\":\"WebSite\",\"@id\":\"https:\\\/\\\/www.lohschule-datteln.de\\\/#website\",\"url\":\"https:\\\/\\\/www.lohschule-datteln.de\\\/\",\"name\":\"Lohschule Datteln\",\"description\":\"kath. Grundschule\",\"publisher\":{\"@id\":\"https:\\\/\\\/www.lohschule-datteln.de\\\/#organization\"},\"potentialAction\":[{\"@type\":\"SearchAction\",\"target\":{\"@type\":\"EntryPoint\",\"urlTemplate\":\"https:\\\/\\\/www.lohschule-datteln.de\\\/?s={search_term_string}\"},\"query-input\":{\"@type\":\"PropertyValueSpecification\",\"valueRequired\":true,\"valueName\":\"search_term_string\"}}],\"inLanguage\":\"de\"},{\"@type\":\"Organization\",\"@id\":\"https:\\\/\\\/www.lohschule-datteln.de\\\/#organization\",\"name\":\"Lohschule -katholische Grundschule Datteln\",\"url\":\"https:\\\/\\\/www.lohschule-datteln.de\\\/\",\"logo\":{\"@type\":\"ImageObject\",\"inLanguage\":\"de\",\"@id\":\"https:\\\/\\\/www.lohschule-datteln.de\\\/#\\\/schema\\\/logo\\\/image\\\/\",\"url\":\"http:\\\/\\\/www.lohschule-datteln.de\\\/wp-content\\\/uploads\\\/2016\\\/02\\\/Loh-neu-2016.jpg\",\"contentUrl\":\"http:\\\/\\\/www.lohschule-datteln.de\\\/wp-content\\\/uploads\\\/2016\\\/02\\\/Loh-neu-2016.jpg\",\"width\":448,\"height\":252,\"caption\":\"Lohschule -katholische Grundschule Datteln\"},\"image\":{\"@id\":\"https:\\\/\\\/www.lohschule-datteln.de\\\/#\\\/schema\\\/logo\\\/image\\\/\"}}]}<\/script>\n<!-- \/ Yoast SEO plugin. -->","yoast_head_json":{"title":"Kennenlernnachmittag 2019 - Lohschule Datteln","robots":{"index":"index","follow":"follow","max-snippet":"max-snippet:-1","max-image-preview":"max-image-preview:large","max-video-preview":"max-video-preview:-1"},"canonical":"https:\/\/www.lohschule-datteln.de\/index.php\/kennenlernnachmittag-2019\/","og_locale":"de_DE","og_type":"article","og_title":"Kennenlernnachmittag 2019 - Lohschule Datteln","og_description":"Kennenlernnachmittag unserer zuk\u00fcnftigen Erstkl\u00e4ssler bei viel Sonnenschein und gro\u00dfer Vorfreude&nbsp; &#8222;Herzlich willkommen liebe &#8222;Fische&#8220; der zuk\u00fcnftigen 1a, liebe &#8222;Koalas&#8220; der zuk\u00fcnftigen 1b und liebe &#8222;Fr\u00f6sche&#8220; der zuk\u00fcnftigen 1c!&#8220;. So hie\u00df es an unserem Kennenlernnachmittag am 18.06.2019. W\u00e4hrend Frau Schneider und Frau Kartschewski alle Kinder und Eltern in der Turnhalle im Namen aller Kolleginnen und Kollegen [&hellip;]","og_url":"https:\/\/www.lohschule-datteln.de\/index.php\/kennenlernnachmittag-2019\/","og_site_name":"Lohschule Datteln","article_modified_time":"2019-07-14T14:49:13+00:00","og_image":[{"url":"http:\/\/www.lohschule-datteln.de\/wp-content\/uploads\/2019\/07\/IMG_1425.jpeg","type":"","width":"","height":""}],"twitter_card":"summary_large_image","twitter_misc":{"Gesch\u00e4tzte Lesezeit":"2\u00a0Minuten"},"schema":{"@context":"https:\/\/schema.org","@graph":[{"@type":"WebPage","@id":"https:\/\/www.lohschule-datteln.de\/index.php\/kennenlernnachmittag-2019\/","url":"https:\/\/www.lohschule-datteln.de\/index.php\/kennenlernnachmittag-2019\/","name":"Kennenlernnachmittag 2019 - Lohschule Datteln","isPartOf":{"@id":"https:\/\/www.lohschule-datteln.de\/#website"},"primaryImageOfPage":{"@id":"https:\/\/www.lohschule-datteln.de\/index.php\/kennenlernnachmittag-2019\/#primaryimage"},"image":{"@id":"https:\/\/www.lohschule-datteln.de\/index.php\/kennenlernnachmittag-2019\/#primaryimage"},"thumbnailUrl":"http:\/\/www.lohschule-datteln.de\/wp-content\/uploads\/2019\/07\/IMG_1425.jpeg","datePublished":"2019-06-23T09:45:40+00:00","dateModified":"2019-07-14T14:49:13+00:00","breadcrumb":{"@id":"https:\/\/www.lohschule-datteln.de\/index.php\/kennenlernnachmittag-2019\/#breadcrumb"},"inLanguage":"de","potentialAction":[{"@type":"ReadAction","target":["https:\/\/www.lohschule-datteln.de\/index.php\/kennenlernnachmittag-2019\/"]}]},{"@type":"ImageObject","inLanguage":"de","@id":"https:\/\/www.lohschule-datteln.de\/index.php\/kennenlernnachmittag-2019\/#primaryimage","url":"http:\/\/www.lohschule-datteln.de\/wp-content\/uploads\/2019\/07\/IMG_1425.jpeg","contentUrl":"http:\/\/www.lohschule-datteln.de\/wp-content\/uploads\/2019\/07\/IMG_1425.jpeg"},{"@type":"BreadcrumbList","@id":"https:\/\/www.lohschule-datteln.de\/index.php\/kennenlernnachmittag-2019\/#breadcrumb","itemListElement":[{"@type":"ListItem","position":1,"name":"Startseite","item":"https:\/\/www.lohschule-datteln.de\/"},{"@type":"ListItem","position":2,"name":"Kennenlernnachmittag 2019"}]},{"@type":"WebSite","@id":"https:\/\/www.lohschule-datteln.de\/#website","url":"https:\/\/www.lohschule-datteln.de\/","name":"Lohschule Datteln","description":"kath. Grundschule","publisher":{"@id":"https:\/\/www.lohschule-datteln.de\/#organization"},"potentialAction":[{"@type":"SearchAction","target":{"@type":"EntryPoint","urlTemplate":"https:\/\/www.lohschule-datteln.de\/?s={search_term_string}"},"query-input":{"@type":"PropertyValueSpecification","valueRequired":true,"valueName":"search_term_string"}}],"inLanguage":"de"},{"@type":"Organization","@id":"https:\/\/www.lohschule-datteln.de\/#organization","name":"Lohschule -katholische Grundschule Datteln","url":"https:\/\/www.lohschule-datteln.de\/","logo":{"@type":"ImageObject","inLanguage":"de","@id":"https:\/\/www.lohschule-datteln.de\/#\/schema\/logo\/image\/","url":"http:\/\/www.lohschule-datteln.de\/wp-content\/uploads\/2016\/02\/Loh-neu-2016.jpg","contentUrl":"http:\/\/www.lohschule-datteln.de\/wp-content\/uploads\/2016\/02\/Loh-neu-2016.jpg","width":448,"height":252,"caption":"Lohschule -katholische Grundschule Datteln"},"image":{"@id":"https:\/\/www.lohschule-datteln.de\/#\/schema\/logo\/image\/"}}]}},"_links":{"self":[{"href":"https:\/\/www.lohschule-datteln.de\/index.php\/wp-json\/wp\/v2\/pages\/5887","targetHints":{"allow":["GET"]}}],"collection":[{"href":"https:\/\/www.lohschule-datteln.de\/index.php\/wp-json\/wp\/v2\/pages"}],"about":[{"href":"https:\/\/www.lohschule-datteln.de\/index.php\/wp-json\/wp\/v2\/types\/page"}],"author":[{"embeddable":true,"href":"https:\/\/www.lohschule-datteln.de\/index.php\/wp-json\/wp\/v2\/users\/3"}],"replies":[{"embeddable":true,"href":"https:\/\/www.lohschule-datteln.de\/index.php\/wp-json\/wp\/v2\/comments?post=5887"}],"version-history":[{"count":8,"href":"https:\/\/www.lohschule-datteln.de\/index.php\/wp-json\/wp\/v2\/pages\/5887\/revisions"}],"predecessor-version":[{"id":6134,"href":"https:\/\/www.lohschule-datteln.de\/index.php\/wp-json\/wp\/v2\/pages\/5887\/revisions\/6134"}],"wp:attachment":[{"href":"https:\/\/www.lohschule-datteln.de\/index.php\/wp-json\/wp\/v2\/media?parent=5887"}],"curies":[{"name":"wp","href":"https:\/\/api.w.org\/{rel}","templated":true}]}}