{"id":9244,"date":"2020-06-26T00:21:24","date_gmt":"2020-06-25T22:21:24","guid":{"rendered":"http:\/\/www.lohschule-datteln.de\/?page_id=9244"},"modified":"2025-02-05T17:42:46","modified_gmt":"2025-02-05T16:42:46","slug":"3-unsere-arbeit-an-der-lohschule","status":"publish","type":"page","link":"https:\/\/www.lohschule-datteln.de\/index.php\/3-unsere-arbeit-an-der-lohschule\/","title":{"rendered":"P\u00e4dagogische Arbeit an der Lohschule"},"content":{"rendered":"<p><span style=\"color: #808080;\">An der Lohschule arbeiten viele Menschen mit unterschiedlichen p\u00e4dagogischen Ausbildungen, die ihre verschiedenen Professionen nutzen, um gemeinsam zum Wohl aller Sch\u00fclerinnen und Sch\u00fcler miteinander zu arbeiten. Grundlage unserer Arbeit ist dabei eine wertsch\u00e4tzende Kommunikation mit- und untereinander, die gepr\u00e4gt ist von respektvollem und professionellem Handeln. Dies gilt ebenso f\u00fcr alle schulischen Gremien der Lohschule wie z. B. der Schulpflegschaft und der Schulkonferenz. Auch die enge und gute Zusammenarbeit mit unserem F\u00f6rderverein unterst\u00fctzt die Schulentwicklung der Lohschule. Sehr gerne kooperieren wir auch mit externen Professionen, die im schulischen Alltag verschiedene M\u00f6glichkeiten darbieten, z. B. Einsatz der Landfrauen beim Ern\u00e4hrungs- f\u00fchrerschein oder der theaterp\u00e4dagogischen Werkstatt in Osnabr\u00fcck mit dem Pr\u00e4ventionstheater \u201eMein K\u00f6rper geh\u00f6rt mir\u201c usw.<\/span><\/p>\n\n\n<h2 class=\"wp-block-heading\">Arbeit im Team<\/h2>\n\n\n<p><span style=\"color: #808080;\">In jedem Jahrgangsteam gibt es w\u00f6chentliche Teamsitzungen, in denen gemeinsame Arbeitsstrukturen mit klaren Auftr\u00e4gen und Zielsetzungen vereinbart werden. Alle Lehrkr\u00e4fte arbeiten fachbezogen und f\u00e4cherverbindend in der Planung, Durchf\u00fchrung und Auswertung von Unterricht und Erziehungsfragen miteinander. Die getroffenen Vereinbarungen und Absprachen im Jahrgangsteam sind dabei f\u00fcr alle Beteiligten bindend.<\/span><\/p>\n\n\n<h2 class=\"wp-block-heading\">Zusammenarbeit im Kollegium<\/h2>\n\n\n<p><span style=\"color: #808080;\">F\u00fcr unsere Zusammenarbeit im Kollegium ist es uns eine Herzensangelegenheit, offen, wertsch\u00e4tzend und transparent miteinander zu arbeiten. Dabei ist es ein Muss, mit vielen verschiedenen Professionen die Blicke auf die Entwicklung eines jeden Kindes der Lohschule zu richten. F\u00fcr die Zusammenarbeit ist dabei eine Vernetzung im Kollegium ein wichtiger Bestandteil, um Ressourcen zu schonen und Professionen bestm\u00f6glich einzusetzen. Auch hier befindet sich das p\u00e4dagogische Personal in einer stetigen Weiterentwicklung.&nbsp;<span style=\"font-size: inherit;\">Innerhalb der regelm\u00e4\u00dfig stattfindenden Teambesprechungen und&nbsp;<\/span><span style=\"font-size: inherit;\">Lehrerkonferenzen wird unsere p\u00e4dagogische und unterrichtliche Arbeit stetig \u00fcberpr\u00fcft,&nbsp;<\/span><span style=\"font-size: inherit;\">evaluiert und hinterfragt. Auf dieser Grundlage werden ggf. Verbesserungsma\u00dfnahmen&nbsp;<\/span><span style=\"font-size: inherit;\">durchgef\u00fchrt und somit die Erziehungsarbeit und Qualit\u00e4t des Unterrichts weiterentwickelt.<\/span><\/span><\/p>\n\n\n<h2 class=\"wp-block-heading\">Ausbildung von Lehramtsanw\u00e4rtern\/innen<\/h2>\n\n\n<p><span style=\"color: #808080;\">In der praktischen Ausbildungsphase an unserer Lohschule m\u00f6chten wir den Lehramtsanw\u00e4rterinnen und Lehramtsanw\u00e4rtern (LAA\/-innen) die M\u00f6glichkeit er\u00f6ffnen, die Komplexit\u00e4t der sechs Handlungsfelder im Praxisfeld \u201eSchule\u201c kennenzulernen und darin wichtige Lehrerkompetenzen selbstst\u00e4ndig zu erproben, zu erlernen und zu reflektieren. Dabei geht es nicht allein um das Erlernen des \u201eblo\u00dfen\u201c Unterrichtens, sondern auch um die Entwicklung der Beratungs-, Erziehungs-, Beurteilungs-, Organisations- und Verwaltungs<span style=\"font-size: inherit;\">kompetenz. So k\u00f6nnen die LAA\/-innen im Laufe ihrer Ausbildung die notwendige berufliche Sicherheit und das Selbstvertrauen im Umgang mit Sch\u00fclern, Eltern und Kollegen aufbauen.<\/span><\/span><\/p>\n<div class=\"page\" title=\"Page 2\">\n<div class=\"layoutArea\">\n<div class=\"column\">\n<p><span style=\"color: #808080;\">Das erstellte Ausbildungsprogramm soll den LAA\/-innen als Unterst\u00fctzung und Orientierungshilfe bei ihrem \u201eLernprozess\u201c dienen. Da die Lernvoraussetzungen bei den LAA\/-innen individuell verschieden sind und sie somit unterschiedliche Anspr\u00fcche an die Ausbildung stellen, haben wir unser Ausbildungsprogramm bewusst f\u00fcr Erg\u00e4nzungen offen gehalten.<\/span><\/p>\n<\/div>\n<\/div>\n<\/div>\n\n\n<h2 class=\"wp-block-heading\">Zusammenarbeit Schulleitung &#8211; Kollegium<\/h2>\n\n\n<p><span style=\"color: #808080;\"><span style=\"font-size: inherit;\">Das Schulleitungsteam unserer Lohschule setzt sich aus der Schulleiterin und der&nbsp;<\/span><span style=\"font-size: inherit;\">Konrektorin zusammen. Die Grundlage ist auch hier eine wertsch\u00e4tzende Kommunikation mit&nbsp;<\/span><span style=\"font-size: inherit;\">dem Kollegium sowie der Aufbau einer wertsch\u00e4tzenden Schulkultur. Darin einbezogen&nbsp;<\/span><span style=\"font-size: inherit;\">sollen alle am Schulleben beteiligten Personen, also Lehrkr\u00e4fte, p\u00e4dagogisches Personal,&nbsp;<\/span><span style=\"font-size: inherit;\">Sch\u00fcler, Eltern und andere Mitarbeiter des Lohschulsystems, z. B. Hausmeister, sein. Ein&nbsp;<\/span><span style=\"font-size: inherit;\">weiterer wichtiger Bestandteil in der Zusammenarbeit zwischen Schulleitung und Kollegium&nbsp;<\/span><span style=\"font-size: inherit;\">ist die Unterst\u00fctzung des Kollegiums in schulischen Handlungsfeldern. Dies kann sowohl ein&nbsp;<\/span><span style=\"font-size: inherit;\">facettenreiches Elterngespr\u00e4ch sein als auch die Umsetzung und Einhaltung&nbsp;<\/span><span style=\"font-size: inherit;\">abgesprochener Konzepte im schulischen Alltag. Dazu ein offenes Ohr f\u00fcr die Anliegen des&nbsp;<\/span><span style=\"font-size: inherit;\">Kollegiums zu haben beeinflusst positiv das Wohlempfinden und die Lehrergesundheit jedes&nbsp;<\/span><span style=\"font-size: inherit;\">Einzelnen.<\/span><\/span><\/p>\n\n\n<h2 class=\"wp-block-heading\">Beteiligung der Sch\u00fclerinnen und Sch\u00fcler<\/h2>\n\n\n<p><span style=\"color: #808080;\"><span style=\"font-size: inherit;\">In der Lohschule gibt es verschiedene Beteiligungsm\u00f6glichkeiten f\u00fcr unsere Sch\u00fclerinnen&nbsp;<\/span><span style=\"font-size: inherit;\">und Sch\u00fcler. In jeder Klasse tagt regelm\u00e4\u00dfig der Klassenrat. Hier finden sich alle Kinder der&nbsp;<\/span><span style=\"font-size: inherit;\">Klasse zusammen und besprechen miteinander Anliegen der Klassengemeinschaft.&nbsp;<\/span><span style=\"font-size: inherit;\">Der Lohschulrat setzt sich aus allen Klassensprechern\/innen und ihren Vertretern\/innen&nbsp;<\/span><span style=\"font-size: inherit;\">zusammen. Er trifft sich 14-t\u00e4gig mit der Schulleiterin im Musikraum der Lohschule. Der&nbsp;<\/span><span style=\"font-size: inherit;\">Lohschulrat ber\u00e4t und beschlie\u00dft \u00fcber Vorhaben zur Verbesserung des Zusammenlebens in&nbsp;<\/span><span style=\"font-size: inherit;\">der Schule, besonders in den Pausen. Auch der Einbezug in geplante Vorhaben zur&nbsp;<\/span><span style=\"font-size: inherit;\">Gestaltung des Schulgeb\u00e4udes und des Schulgel\u00e4ndes z\u00e4hlt zu seinen&nbsp;<\/span><span style=\"font-size: inherit;\">Aufgabenschwerpunkten. Ein besonderes Anliegen des Lohschulrats ist es, das&nbsp;<\/span><span style=\"font-size: inherit;\">Zusammenleben innerhalb von Schule mitzugestalten, die Kommunikations- und&nbsp;<\/span><span style=\"font-size: inherit;\">Sozialkompetenz der Sch\u00fclerinnen und Sch\u00fcler zu st\u00e4rken und eigenst\u00e4ndig Demokratie zu&nbsp;<\/span><span style=\"font-size: inherit;\">leben.&nbsp;Ein weiterer wichtiger Baustein beim Einbezug der Sch\u00fclerinnen und Sch\u00fcler im schulischen&nbsp;Zusammenleben ist die Einrichtung der Pausenhelfer\/innen. Hier k\u00f6nnen sich besonders die&nbsp;Kinder unserer Schulgemeinschaft zeigen, die sich gerne sozial engagieren m\u00f6chten. Aus&nbsp;den Jahrg\u00e4ngen 3 und 4 beteiligen sich pro Klasse jeweils f\u00fcnf Kinder. Sie haben eine&nbsp;Ausbildung durchlaufen, in der sie mit verschiedenen M\u00f6glichkeiten der Streitschlichtung und&nbsp;der ersten Hilfe vertraut gemacht wurden. Die Pausenhelfer sind in allen Pausen auf dem&nbsp;Schulhof unterwegs und gut durch ihre orangefarbigen Pausenhelferwesten zu erkennen.&nbsp;<\/span><span style=\"font-size: inherit;\">Immer 14-t\u00e4gig tagen alle Pausenhelfer mit einer Lehrkraft, um sich \u00fcber die Eins\u00e4tze auf dem Schulhof auszutauschen und bei Problemen &nbsp;gemeinsam L\u00f6sungswege zu finden.<\/span><\/span><\/p>\n\n\n<h2 class=\"wp-block-heading\">Zusammenarbeit mit den Eltern<\/h2>\n\n\n<div class=\"layoutArea\">\n<div class=\"column\">\n<p><span style=\"color: #808080; font-size: inherit;\">Die gew\u00e4hlten Eltern in den Mitwirkungsorganen der Klassenpflegschaft, der&nbsp;Schulpflegschaft und der Schulkonferenz arbeiten vertrauensvoll mit dem F\u00f6rderverein, dem&nbsp;Kollegium und den p\u00e4dagogischen Mitarbeitern der OGS zusammen.<\/span><\/p>\n<\/div>\n<\/div>\n<div class=\"section\">\n<div class=\"layoutArea\">\n<div class=\"column\">\n<div class=\"page\" title=\"Page 2\">\n<div class=\"layoutArea\">\n<div class=\"column\">\n<p><span style=\"color: #808080;\">F\u00fcr die Klassenpflegschaft werden aus jeder Klasse zwei Personen f\u00fcr den Vorsitz der&nbsp;Klassenpflegschaft gew\u00e4hlt. Die Lehrkr\u00e4fte der Klasse werden als beratende Personen&nbsp;eingeladen. Thematisch geht es um die Dinge, die die einzelnen Klassen betreffen, z. B.&nbsp;Informationen zu den Unterrichtsvorhaben, um Absprachen zu den Hausaufgaben oder um&nbsp;die Organisation von Klassenfesten.<\/span><\/p>\n<p><span style=\"color: #808080;\">Die Schulpflegschaft, als weiteres Gremium der Schulgemeinschaft, setzt sich zusammen&nbsp;aus den gew\u00e4hlten Klassenpflegschaftsvertretern und seinen Vertretern. In der&nbsp;Schulpflegschaft berichtet die Schulleiterin \u00fcber die r\u00e4umliche und personelle Situation an&nbsp;der Schule, es wird \u00fcber die Durchf\u00fchrung von Schulveranstaltungen beraten oder \u00fcber&nbsp;wichtige Fragen wie die Schulwegsicherung rund um die Lohschule diskutiert. Aus der&nbsp;Schulpflegschaft werden sechs Personen als Mitglieder f\u00fcr die Schulkonferenz gew\u00e4hlt.<\/span><\/p>\n<p><span style=\"color: #808080;\">Die Schulkonferenz setzt sich an Grundschulen je zur H\u00e4lfte aus Vertretern der Lehrer und&nbsp;Vertretern der Eltern zusammen. An unserer Lohschule sind dies sechs Elternvertreter und&nbsp;sechs Vertreter der Lehrkr\u00e4fte. Die Schulleiterin ist die Vorsitzende der Schulkonferenz. Sie&nbsp;\u00fcbernimmt die Verhandlungsf\u00fchrung, kann Antr\u00e4ge stellen und Sachbeitr\u00e4ge leisten. Die<\/span><\/p>\n<p><span style=\"color: #808080;\">Schulleiterin hat jedoch kein Stimmrecht. Abweichend hiervon gibt bei Stimmengleichheit&nbsp;ihre Stimme den Ausschlag. Die Schulkonferenz tagt bis zu dreimal im Jahr und entscheidet&nbsp;als oberstes Gremium z.B. \u00fcber die beweglichen Ferientage, Ma\u00dfnahmen zur&nbsp;Qualit\u00e4tssicherung, die Einf\u00fchrung neuer Lehrwerke oder Art und Umfang von&nbsp;Hausaufgaben. Mit beratender Stimme kann die Leitung der OGS, der\/die Vorsitzende des&nbsp;F\u00f6rdervereins und eine Person als Vertreter des Schultr\u00e4gers teilnehmen.<\/span><\/p>\n<\/div>\n<\/div>\n<\/div>\n<\/div>\n<\/div>\n<\/div>\n\n\n<h2 class=\"wp-block-heading\">Die OGS<\/h2>\n\n\n<p><span style=\"color: #808080;\">Der Auftrag und die Zielsetzung der Offenen Ganztagsgrundschule richten sich nach dem&nbsp;entsprechenden Runderlass des Ministeriums f\u00fcr Schule und Weiterbildung. Danach&nbsp;unterst\u00fctzt die OGS in Kooperation mit unterschiedlichen Tr\u00e4gern die Bildung, F\u00f6rderung&nbsp;und Erziehung der Kinder, insbesondere aus bildungsbenachteiligten Familien. Dar\u00fcber&nbsp;hinaus f\u00fchrt das gemeinsame Leben und Lernen die Heranwachsenden hin zu mehr&nbsp;Selbstst\u00e4ndigkeit und Eigenverantwortung und erm\u00f6glicht den Eltern eine bessere&nbsp;Vereinbarkeit von Familie und Beruf. Unsere OGS der Lohschule liegt in der Tr\u00e4gerschaft&nbsp;des DRK. An der Lohschule gibt es die Betreuungsvariante von 11.30 -13.30 Uhr (Dinos)&nbsp;und den Besuch der OGS (11.30 &#8211; 16.00 Uhr). Die Konzeption der OGS k\u00f6nnen Sie dem&nbsp;Anhang entnehmen.<\/span><\/p>\n\n\n<h2 class=\"wp-block-heading\">Die Schulsozialarbeit<\/h2>\n\n\n<p><span style=\"color: #808080;\">Die Schulsozialarbeit ist ein Teil der Jugendhilfe, der innerhalb der Schule die individuelle&nbsp;und soziale Entwicklung der Sch\u00fclerinnen und Sch\u00fcler f\u00f6rdert. Die Schulsozialarbeit tr\u00e4gt&nbsp;auch zum Abbau der sozialen Benachteiligungen bei. Weiterhin ber\u00e4t sie Eltern in&nbsp;Erziehungsfragen und vernetzt den schulischen Lebensraum mit anderen&nbsp;Jugendhilfeleistungen. Sie f\u00f6rdert somit die Kooperation mit anderen Institutionen und&nbsp;Einrichtungen. An der Lohschule ist eine Schulsozialarbeiterin t\u00e4tig. Sie arbeitet mit unseren&nbsp;Sch\u00fclerinnen und Sch\u00fclern, den Eltern, den Lehrkr\u00e4ften und unserem p\u00e4dagogischen&nbsp;Personal eng zusammen. Sehr gerne k\u00f6nnen Eltern zu den w\u00f6chentlichen Gespr\u00e4chszeiten&nbsp;in die Schule kommen oder auch telefonisch Termine vereinbaren.<\/span><\/p>\n\n\n<h2 class=\"wp-block-heading\">Die neuen Lernanf\u00e4nger<\/h2>\n\n\n<p><span style=\"color: #808080;\">Die neuen Lernanf\u00e4nger melden sich immer in den Anmeldezeitr\u00e4umen Oktober\/November&nbsp;des jeweiligen Jahres bei den Grundschulen der Stadt Datteln an. Die Eltern werden dazu&nbsp;vom Schultr\u00e4ger angeschrieben. Im Rahmen der Schulanmeldung findet ein Schulspiel mit&nbsp;den Vorschulkindern statt, um so einen ersten Einblick von den zuk\u00fcnftigen Lernanf\u00e4nger zu&nbsp;erhalten. Sowohl nach den Schulanmeldungen als auch im Fr\u00fchjahr des folgenden Jahres&nbsp;besucht unser multiprofessionelles Team, bestehend aus der Sonderp\u00e4dagogin, Lehrkr\u00e4ften&nbsp;und der sozialp\u00e4dagogischen Fachkraft die Kitas.<\/span><\/p>\n<p><span style=\"color: #808080;\">Um den Vorschulkindern den Wechsel von der Kita in die Grundschule so einfach wie&nbsp;m\u00f6glich zu gestalten, erhalten sie schon vor den Sommerferien einen Kennenlerntermin der&nbsp;zuk\u00fcnftigen Klassengemeinschaft im Nachmittagsbereich der Schule. Hier lernen sich die neue&nbsp;Lerngruppe und ihre Klassenlehrerin\/ihr Klassenlehrer (falls m\u00f6glich) zum ersten Mal kennen.<\/span><\/p>\n\n\n<h2 class=\"wp-block-heading\">Unser F\u00f6rderverein<\/h2>\n\n\n<p><span style=\"color: #808080;\">Der \u201eVerein der Freunde und F\u00f6rderer der Lohschule Datteln e.V.\u201c unterst\u00fctzt die Lohschule ideell und vor allem finanziell, um Projekte zu verwirklichen, die vom Schultr\u00e4ger nicht \u00fcbernommen werden k\u00f6nnen. In den Vereinssitzungen wird die Verwendung der vorhandenen Mittel zusammen mit der Schulleiterin und dem Lehrerkollegium festgelegt. Unser F\u00f6rderverein unterst\u00fctzt z.B. das Zirkusprojekt, den Kauf von Lekt\u00fcren f\u00fcr die Klasse 2, das Theaterprojekt \u201eMein K\u00f6rper geh\u00f6rt mir\u201c f\u00fcr die 3. und 4. Klassen, den Ern\u00e4hrungsf\u00fchrerschein f\u00fcr die 3. Klassen, sponsert die Teilnahme am K\u00e4nguru (Mathematik)-Wettbewerb, bezuschusst den Lohschulplaner, unterst\u00fctzt die Anschaffung von langlebigen und hochwertigen Spielger\u00e4ten sowie Elektronikartikel f\u00fcr alle Klassen (CD- Player, Beamer, Musikanlage\/n) und organisiert das Einschulungscaf\u00e9 f\u00fcr die Eltern der Erstkl\u00e4ssler an ihrem 1. Schultag. Unser F\u00f6rderverein tagt 3-4 Mal j\u00e4hrlich und freut sich immer \u00fcber viele engagierte und interessierte Mitglieder unserer Schulgemeinschaft.<\/span><\/p>\n\n\n<h2 class=\"wp-block-heading\">Zusammenarbeit mit der Pfarrgemeinde St. Amandus<\/h2>\n\n\n<p><span style=\"color: #808080;\">Als katholische Grundschule liegt uns die enge Zusammenarbeit mit der Sankt Amandus Gemeinde sehr am Herzen.<\/span><\/p>\n\n\n<h3 class=\"wp-block-heading\">*Unsere Schulgottesdienste<\/h3>\n\n\n<p>In der Lohschule kommen wir in der Adventszeit und zum Abschluss des Schuljahres in der Sankt Amandus Kirche als komplette Schulgemeinschaft zusammen, um einen Wortgottesdienst zu feiern. Diese Gottesdienste werden von den Fachkolleginnen f\u00fcr den Religionsunterricht geplant und gemeinsam mit den Kindern gestaltet. Die Mitwirkung der Kinder im Gottesdienst spielt eine besonders wichtige Rolle an der Lohschule. Zu diesen Gottesdiensten singt auch der Lohschulchor und bereichert mit besonderen Liedern die gemeinsame Feier.<\/p>\n<p>W\u00e4hrend des Schuljahres feiern die einzelnen Klassen gemeinsam mit unserem Gemeindepfarrer Wortgottesdienste in ihrem Klassenraum. Diese finden im Schulvormittag und nur im Rahmen der eigenen Klassengemeinschaft statt. Das ist f\u00fcr die Kinder ein besonderes Erlebnis. Wir freuen uns sehr, dass Pfarrer Pla\u00dfmann sich so viel Zeit f\u00fcr die Klassen der Lohschule nimmt.<\/p>\n<p>Die Segensfeier zur Einschulung findet seit einigen Jahren direkt an der Lohschule statt. Zu diesem Zweck besucht uns der Gemeindepfarrer und feiert mit jeder Einschulungsklasse im kleinen Rahmen eine kurze Andacht. So k\u00f6nnen die Kinder mit Gottes Segen in ihr Schulleben starten.<\/p>\n<p>&nbsp;<\/p>\n\n\n<p><\/p>\n\n\n\n<h3 class=\"wp-block-heading\">* Begegnung mit dem Gemeindepfarrer im Unterricht<\/h3>\n\n\n<p><span style=\"color: #808080;\">Wir freuen uns \u00fcber das Angebot des Gemeindepfarrers, ihn auch im Religionsunterricht je nach Wunsch begr\u00fc\u00dfen zu k\u00f6nnen. Dies nehmen wir gerne an.<\/span><\/p>\n\n\n<h3 class=\"wp-block-heading\">*Kommunionvorbereitung<\/h3>\n\n\n<p><span style=\"color: #808080;\">Im Rahmen der Kommunionvorbereitung stehen die Fachkolleginnen thematisch in Kontakt mit dem Ansprechpartner der Gemeinde. So k\u00f6nnen die Themen der Kommunionvorbereitung mit dem Religionsunterricht abgestimmt werden.<\/span><\/p>\n<div class=\"page\" title=\"Page 1\">\n<div class=\"layoutArea\">\n<div class=\"column\">\n<div class=\"page\" title=\"Page 2\">\n<div class=\"layoutArea\">\n<div class=\"column\">\n<div class=\"page\" title=\"Page 2\">\n<div class=\"layoutArea\">\n<div class=\"column\">&nbsp;<\/div>\n<\/div>\n<\/div>\n<\/div>\n<\/div>\n<\/div>\n<\/div>\n<\/div>\n<\/div>","protected":false},"excerpt":{"rendered":"<p>An der Lohschule arbeiten viele Menschen mit unterschiedlichen p\u00e4dagogischen Ausbildungen, die ihre verschiedenen Professionen nutzen, um gemeinsam zum Wohl aller Sch\u00fclerinnen und Sch\u00fcler miteinander zu arbeiten. Grundlage unserer Arbeit ist dabei eine wertsch\u00e4tzende Kommunikation mit- und untereinander, die gepr\u00e4gt ist von respektvollem und professionellem Handeln. Dies gilt ebenso f\u00fcr alle schulischen Gremien der Lohschule wie [&hellip;]<\/p>\n","protected":false},"author":3,"featured_media":0,"parent":0,"menu_order":0,"comment_status":"closed","ping_status":"closed","template":"","meta":{"footnotes":""},"class_list":["post-9244","page","type-page","status-publish","hentry"],"yoast_head":"<!-- This site is optimized with the Yoast SEO plugin v27.5 - https:\/\/yoast.com\/product\/yoast-seo-wordpress\/ -->\n<title>P\u00e4dagogische Arbeit an der Lohschule - Lohschule Datteln<\/title>\n<meta name=\"robots\" content=\"index, follow, max-snippet:-1, max-image-preview:large, max-video-preview:-1\" \/>\n<link rel=\"canonical\" href=\"https:\/\/www.lohschule-datteln.de\/index.php\/3-unsere-arbeit-an-der-lohschule\/\" \/>\n<meta property=\"og:locale\" content=\"de_DE\" \/>\n<meta property=\"og:type\" content=\"article\" \/>\n<meta property=\"og:title\" content=\"P\u00e4dagogische Arbeit an der Lohschule - Lohschule Datteln\" \/>\n<meta property=\"og:description\" content=\"An der Lohschule arbeiten viele Menschen mit unterschiedlichen p\u00e4dagogischen Ausbildungen, die ihre verschiedenen Professionen nutzen, um gemeinsam zum Wohl aller Sch\u00fclerinnen und Sch\u00fcler miteinander zu arbeiten. Grundlage unserer Arbeit ist dabei eine wertsch\u00e4tzende Kommunikation mit- und untereinander, die gepr\u00e4gt ist von respektvollem und professionellem Handeln. Dies gilt ebenso f\u00fcr alle schulischen Gremien der Lohschule wie [&hellip;]\" \/>\n<meta property=\"og:url\" content=\"https:\/\/www.lohschule-datteln.de\/index.php\/3-unsere-arbeit-an-der-lohschule\/\" \/>\n<meta property=\"og:site_name\" content=\"Lohschule Datteln\" \/>\n<meta property=\"article:modified_time\" content=\"2025-02-05T16:42:46+00:00\" \/>\n<meta name=\"twitter:card\" content=\"summary_large_image\" \/>\n<meta name=\"twitter:label1\" content=\"Gesch\u00e4tzte Lesezeit\" \/>\n\t<meta name=\"twitter:data1\" content=\"10\u00a0Minuten\" \/>\n<script type=\"application\/ld+json\" class=\"yoast-schema-graph\">{\"@context\":\"https:\\\/\\\/schema.org\",\"@graph\":[{\"@type\":\"WebPage\",\"@id\":\"https:\\\/\\\/www.lohschule-datteln.de\\\/index.php\\\/3-unsere-arbeit-an-der-lohschule\\\/\",\"url\":\"https:\\\/\\\/www.lohschule-datteln.de\\\/index.php\\\/3-unsere-arbeit-an-der-lohschule\\\/\",\"name\":\"P\u00e4dagogische Arbeit an der Lohschule - Lohschule Datteln\",\"isPartOf\":{\"@id\":\"https:\\\/\\\/www.lohschule-datteln.de\\\/#website\"},\"datePublished\":\"2020-06-25T22:21:24+00:00\",\"dateModified\":\"2025-02-05T16:42:46+00:00\",\"breadcrumb\":{\"@id\":\"https:\\\/\\\/www.lohschule-datteln.de\\\/index.php\\\/3-unsere-arbeit-an-der-lohschule\\\/#breadcrumb\"},\"inLanguage\":\"de\",\"potentialAction\":[{\"@type\":\"ReadAction\",\"target\":[\"https:\\\/\\\/www.lohschule-datteln.de\\\/index.php\\\/3-unsere-arbeit-an-der-lohschule\\\/\"]}]},{\"@type\":\"BreadcrumbList\",\"@id\":\"https:\\\/\\\/www.lohschule-datteln.de\\\/index.php\\\/3-unsere-arbeit-an-der-lohschule\\\/#breadcrumb\",\"itemListElement\":[{\"@type\":\"ListItem\",\"position\":1,\"name\":\"Startseite\",\"item\":\"https:\\\/\\\/www.lohschule-datteln.de\\\/\"},{\"@type\":\"ListItem\",\"position\":2,\"name\":\"P\u00e4dagogische Arbeit an der Lohschule\"}]},{\"@type\":\"WebSite\",\"@id\":\"https:\\\/\\\/www.lohschule-datteln.de\\\/#website\",\"url\":\"https:\\\/\\\/www.lohschule-datteln.de\\\/\",\"name\":\"Lohschule Datteln\",\"description\":\"kath. Grundschule\",\"publisher\":{\"@id\":\"https:\\\/\\\/www.lohschule-datteln.de\\\/#organization\"},\"potentialAction\":[{\"@type\":\"SearchAction\",\"target\":{\"@type\":\"EntryPoint\",\"urlTemplate\":\"https:\\\/\\\/www.lohschule-datteln.de\\\/?s={search_term_string}\"},\"query-input\":{\"@type\":\"PropertyValueSpecification\",\"valueRequired\":true,\"valueName\":\"search_term_string\"}}],\"inLanguage\":\"de\"},{\"@type\":\"Organization\",\"@id\":\"https:\\\/\\\/www.lohschule-datteln.de\\\/#organization\",\"name\":\"Lohschule -katholische Grundschule Datteln\",\"url\":\"https:\\\/\\\/www.lohschule-datteln.de\\\/\",\"logo\":{\"@type\":\"ImageObject\",\"inLanguage\":\"de\",\"@id\":\"https:\\\/\\\/www.lohschule-datteln.de\\\/#\\\/schema\\\/logo\\\/image\\\/\",\"url\":\"http:\\\/\\\/www.lohschule-datteln.de\\\/wp-content\\\/uploads\\\/2016\\\/02\\\/Loh-neu-2016.jpg\",\"contentUrl\":\"http:\\\/\\\/www.lohschule-datteln.de\\\/wp-content\\\/uploads\\\/2016\\\/02\\\/Loh-neu-2016.jpg\",\"width\":448,\"height\":252,\"caption\":\"Lohschule -katholische Grundschule Datteln\"},\"image\":{\"@id\":\"https:\\\/\\\/www.lohschule-datteln.de\\\/#\\\/schema\\\/logo\\\/image\\\/\"}}]}<\/script>\n<!-- \/ Yoast SEO plugin. -->","yoast_head_json":{"title":"P\u00e4dagogische Arbeit an der Lohschule - Lohschule Datteln","robots":{"index":"index","follow":"follow","max-snippet":"max-snippet:-1","max-image-preview":"max-image-preview:large","max-video-preview":"max-video-preview:-1"},"canonical":"https:\/\/www.lohschule-datteln.de\/index.php\/3-unsere-arbeit-an-der-lohschule\/","og_locale":"de_DE","og_type":"article","og_title":"P\u00e4dagogische Arbeit an der Lohschule - Lohschule Datteln","og_description":"An der Lohschule arbeiten viele Menschen mit unterschiedlichen p\u00e4dagogischen Ausbildungen, die ihre verschiedenen Professionen nutzen, um gemeinsam zum Wohl aller Sch\u00fclerinnen und Sch\u00fcler miteinander zu arbeiten. Grundlage unserer Arbeit ist dabei eine wertsch\u00e4tzende Kommunikation mit- und untereinander, die gepr\u00e4gt ist von respektvollem und professionellem Handeln. Dies gilt ebenso f\u00fcr alle schulischen Gremien der Lohschule wie [&hellip;]","og_url":"https:\/\/www.lohschule-datteln.de\/index.php\/3-unsere-arbeit-an-der-lohschule\/","og_site_name":"Lohschule Datteln","article_modified_time":"2025-02-05T16:42:46+00:00","twitter_card":"summary_large_image","twitter_misc":{"Gesch\u00e4tzte Lesezeit":"10\u00a0Minuten"},"schema":{"@context":"https:\/\/schema.org","@graph":[{"@type":"WebPage","@id":"https:\/\/www.lohschule-datteln.de\/index.php\/3-unsere-arbeit-an-der-lohschule\/","url":"https:\/\/www.lohschule-datteln.de\/index.php\/3-unsere-arbeit-an-der-lohschule\/","name":"P\u00e4dagogische Arbeit an der Lohschule - Lohschule Datteln","isPartOf":{"@id":"https:\/\/www.lohschule-datteln.de\/#website"},"datePublished":"2020-06-25T22:21:24+00:00","dateModified":"2025-02-05T16:42:46+00:00","breadcrumb":{"@id":"https:\/\/www.lohschule-datteln.de\/index.php\/3-unsere-arbeit-an-der-lohschule\/#breadcrumb"},"inLanguage":"de","potentialAction":[{"@type":"ReadAction","target":["https:\/\/www.lohschule-datteln.de\/index.php\/3-unsere-arbeit-an-der-lohschule\/"]}]},{"@type":"BreadcrumbList","@id":"https:\/\/www.lohschule-datteln.de\/index.php\/3-unsere-arbeit-an-der-lohschule\/#breadcrumb","itemListElement":[{"@type":"ListItem","position":1,"name":"Startseite","item":"https:\/\/www.lohschule-datteln.de\/"},{"@type":"ListItem","position":2,"name":"P\u00e4dagogische Arbeit an der Lohschule"}]},{"@type":"WebSite","@id":"https:\/\/www.lohschule-datteln.de\/#website","url":"https:\/\/www.lohschule-datteln.de\/","name":"Lohschule Datteln","description":"kath. Grundschule","publisher":{"@id":"https:\/\/www.lohschule-datteln.de\/#organization"},"potentialAction":[{"@type":"SearchAction","target":{"@type":"EntryPoint","urlTemplate":"https:\/\/www.lohschule-datteln.de\/?s={search_term_string}"},"query-input":{"@type":"PropertyValueSpecification","valueRequired":true,"valueName":"search_term_string"}}],"inLanguage":"de"},{"@type":"Organization","@id":"https:\/\/www.lohschule-datteln.de\/#organization","name":"Lohschule -katholische Grundschule Datteln","url":"https:\/\/www.lohschule-datteln.de\/","logo":{"@type":"ImageObject","inLanguage":"de","@id":"https:\/\/www.lohschule-datteln.de\/#\/schema\/logo\/image\/","url":"http:\/\/www.lohschule-datteln.de\/wp-content\/uploads\/2016\/02\/Loh-neu-2016.jpg","contentUrl":"http:\/\/www.lohschule-datteln.de\/wp-content\/uploads\/2016\/02\/Loh-neu-2016.jpg","width":448,"height":252,"caption":"Lohschule -katholische Grundschule Datteln"},"image":{"@id":"https:\/\/www.lohschule-datteln.de\/#\/schema\/logo\/image\/"}}]}},"_links":{"self":[{"href":"https:\/\/www.lohschule-datteln.de\/index.php\/wp-json\/wp\/v2\/pages\/9244","targetHints":{"allow":["GET"]}}],"collection":[{"href":"https:\/\/www.lohschule-datteln.de\/index.php\/wp-json\/wp\/v2\/pages"}],"about":[{"href":"https:\/\/www.lohschule-datteln.de\/index.php\/wp-json\/wp\/v2\/types\/page"}],"author":[{"embeddable":true,"href":"https:\/\/www.lohschule-datteln.de\/index.php\/wp-json\/wp\/v2\/users\/3"}],"replies":[{"embeddable":true,"href":"https:\/\/www.lohschule-datteln.de\/index.php\/wp-json\/wp\/v2\/comments?post=9244"}],"version-history":[{"count":23,"href":"https:\/\/www.lohschule-datteln.de\/index.php\/wp-json\/wp\/v2\/pages\/9244\/revisions"}],"predecessor-version":[{"id":14485,"href":"https:\/\/www.lohschule-datteln.de\/index.php\/wp-json\/wp\/v2\/pages\/9244\/revisions\/14485"}],"wp:attachment":[{"href":"https:\/\/www.lohschule-datteln.de\/index.php\/wp-json\/wp\/v2\/media?parent=9244"}],"curies":[{"name":"wp","href":"https:\/\/api.w.org\/{rel}","templated":true}]}}